{"id":6815,"date":"2021-04-04T17:35:20","date_gmt":"2021-04-04T15:35:20","guid":{"rendered":"https:\/\/aromapflege.tirol\/?page_id=6815"},"modified":"2021-04-30T09:55:05","modified_gmt":"2021-04-30T07:55:05","slug":"online","status":"publish","type":"page","link":"https:\/\/aromapflege.tirol\/cs\/co-nabizim\/osobni-vune\/online\/","title":{"rendered":"Osobn\u00ed v\u016fn\u011b ONLINE"},"content":{"rendered":"<p>[et_pb_section fb_built=&#8220;1&#8243; custom_padding_last_edited=&#8220;on|phone&#8220; admin_label=&#8220;Hero Section&#8220; _builder_version=&#8220;4.9.3&#8243; background_color=&#8220;#FFFFFF&#8220; custom_margin=&#8220;||||false|false&#8220; custom_margin_tablet=&#8220;&#8220; custom_margin_phone=&#8220;||-120px||false|false&#8220; custom_margin_last_edited=&#8220;on|phone&#8220; custom_padding=&#8220;|0px||0px|false|false&#8220; custom_padding_tablet=&#8220;&#8220; custom_padding_phone=&#8220;|0px|100px|0px|false|false&#8220; animation_direction=&#8220;top&#8220; locked=&#8220;off&#8220; width__hover_enabled=&#8220;on|desktop&#8220;][et_pb_row column_structure=&#8220;1_2,1_2&#8243; use_custom_gutter=&#8220;on&#8220; make_equal=&#8220;on&#8220; _builder_version=&#8220;4.9.3&#8243; z_index=&#8220;126&#8243; use_custom_width=&#8220;on&#8220; custom_width_px=&#8220;1440px&#8220;][et_pb_column type=&#8220;1_2&#8243; _builder_version=&#8220;4.9.0&#8243; _module_preset=&#8220;default&#8220; custom_padding=&#8220;||||false|false&#8220;][et_pb_text _builder_version=&#8220;4.9.2&#8243; _module_preset=&#8220;default&#8220; header_font=&#8220;||||||||&#8220; header_text_color=&#8220;#560036&#8243;]<\/p>\n<h1 style=\"text-align: center;\"><strong>Nem\u016f\u017eeme se sej\u00edt osobn\u011b?<\/strong><\/h1>\n<h3 style=\"text-align: center;\"><em>Potkejme se tedy ONLINE<\/em><\/h3>\n<p>[\/et_pb_text][et_pb_divider _builder_version=&#8220;4.9.2&#8243; _module_preset=&#8220;default&#8220; width=&#8220;50px&#8220; module_alignment=&#8220;center&#8220; global_module=&#8220;6749&#8243;][\/et_pb_divider][et_pb_text _builder_version=&#8220;4.9.2&#8243; _module_preset=&#8220;default&#8220; text_font=&#8220;Cormorant Garamond||||||||&#8220; text_text_color=&#8220;#560036&#8243; header_4_text_align=&#8220;center&#8220; header_4_text_color=&#8220;#FFFFFF&#8220; header_4_font_size=&#8220;15px&#8220; text_orientation=&#8220;center&#8220; transform_styles__hover_enabled=&#8220;on|hover&#8220; transform_scale__hover_enabled=&#8220;on|hover&#8220; transform_translate__hover_enabled=&#8220;on|desktop&#8220; transform_rotate__hover_enabled=&#8220;on|desktop&#8220; transform_skew__hover_enabled=&#8220;on|desktop&#8220; transform_origin__hover_enabled=&#8220;on|desktop&#8220; transform_scale__hover=&#8220;95%|95%&#8220;]<\/p>\n<p dir=\"ltr\">Osobn\u00ed v\u016fni lze sestavit tak\u00e9 na z\u00e1klad\u011b V\u00e1mi poskytnut\u00fdch informac\u00ed.<\/p>\n<p>[\/et_pb_text][\/et_pb_column][et_pb_column type=&#8220;1_2&#8243; _builder_version=&#8220;4.9.3&#8243; _module_preset=&#8220;default&#8220; background_enable_color=&#8220;off&#8220; background_image=&#8220;https:\/\/aromapflege.tirol\/wp-content\/uploads\/2021\/04\/skleneny-flakon-na-parfem-18-1.jpg&#8220; border_radii=&#8220;on|3px|3px|3px|3px&#8220;][et_pb_image src=&#8220;https:\/\/aromapflege.tirol\/wp-content\/uploads\/2021\/04\/skleneny-flakon-na-parfem-18-1.jpg&#8220; title_text=&#8220;skleneny-flakon-na-parfem-18-1&#8243; align=&#8220;center&#8220; disabled_on=&#8220;off|off|on&#8220; _builder_version=&#8220;4.9.3&#8243; _module_preset=&#8220;default&#8220;][\/et_pb_image][\/et_pb_column][\/et_pb_row][\/et_pb_section][et_pb_section fb_built=&#8220;1&#8243; prev_background_color=&#8220;#FFFFFF&#8220; next_background_color=&#8220;#ffffff&#8220; _builder_version=&#8220;4.9.3&#8243; _module_preset=&#8220;default&#8220; background_color=&#8220;#560036&#8243; top_divider_style=&#8220;wave2&#8243; bottom_divider_style=&#8220;wave2&#8243;][et_pb_row _builder_version=&#8220;4.9.3&#8243; _module_preset=&#8220;default&#8220;][et_pb_column type=&#8220;4_4&#8243; _builder_version=&#8220;4.9.3&#8243; _module_preset=&#8220;default&#8220;][et_pb_text _builder_version=&#8220;4.9.3&#8243; _module_preset=&#8220;default&#8220; text_text_color=&#8220;#FFFFFF&#8220; header_2_text_color=&#8220;#FFFFFF&#8220; transform_translate_linked=&#8220;off&#8220; width=&#8220;60%&#8220; max_width=&#8220;60%&#8220; module_alignment=&#8220;center&#8220; custom_margin=&#8220;100px||100px||true|true&#8220;]<\/p>\n<h2 style=\"text-align: center;\">Postup pro tvorbu vonn\u00e9 kompozice ONLINE:<\/h2>\n<p>&nbsp;<\/p>\n<ul>\n<li style=\"text-align: left;\">p\u0159e\u010dt\u011bte si pozorn\u011b p\u0159ilo\u017een\u00fd dotazn\u00edk<\/li>\n<li style=\"text-align: left;\">na ot\u00e1zky odpov\u00eddejte dle Va\u0161eho sou\u010dasn\u00e9ho rozpolo\u017een\u00ed a zdravotn\u00edho stavu<\/li>\n<li style=\"text-align: left;\">vypln\u011bn\u00fd dotazn\u00edk ode\u0161lete pomoc\u00ed tla\u010d\u00edtka &#8222;ODESLAT&#8220;<\/li>\n<li style=\"text-align: left;\">do 2 pracovn\u00edch dn\u016f ode mne obdr\u017e\u00edte zpr\u00e1vu o v\u00fdb\u011bru v\u016fn\u00ed\u00a0<\/li>\n<\/ul>\n<p>&nbsp;<\/p>\n<p>Kone\u010dn\u00e1 cena vonn\u00e9 kompozice je vypo\u010d\u00edt\u00e1na p\u0159esn\u011b podle hodnoty a mno\u017estv\u00ed zvolen\u00fdch esenc\u00ed.<\/p>\n<p>[\/et_pb_text][\/et_pb_column][\/et_pb_row][\/et_pb_section][et_pb_section fb_built=&#8220;1&#8243; module_id=&#8220;dotaznik&#8220; _builder_version=&#8220;4.9.3&#8243;][et_pb_row _builder_version=&#8220;4.9.2&#8243; _module_preset=&#8220;default&#8220;][et_pb_column type=&#8220;4_4&#8243; _builder_version=&#8220;4.9.2&#8243; _module_preset=&#8220;default&#8220;][et_pb_text _builder_version=&#8220;4.9.2&#8243; _module_preset=&#8220;default&#8220;]<\/p>\n<h2 style=\"text-align: center;\">Konzulta\u010dn\u00ed dotazn\u00edk pro sestaven\u00ed osobn\u00ed v\u016fn\u011b<\/h2>\n<p>[\/et_pb_text][et_pb_divider _builder_version=&#8220;4.9.2&#8243; _module_preset=&#8220;default&#8220; width=&#8220;50px&#8220; module_alignment=&#8220;center&#8220; global_module=&#8220;6749&#8243;][\/et_pb_divider][et_pb_text _builder_version=&#8220;4.9.4&#8243; background_size=&#8220;initial&#8220; background_position=&#8220;top_left&#8220; background_repeat=&#8220;repeat&#8220; hover_enabled=&#8220;0&#8243; sticky_enabled=&#8220;0&#8243;]<\/p>\n<p style=\"text-align: center;\"><i>Va\u0161e odpov\u011bdi na ot\u00e1zky pi\u0161te p\u0159\u00edmo do pol\u00ed\u010dka pod ot\u00e1zkou \u2193 a ode\u0161lete pomoc\u00ed\u00a0tla\u010d\u00edtka &#8222;odeslat&#8220;.\u00a0<\/i><\/p>\n<p style=\"text-align: center;\"><i>Pokud na n\u011bjakou odpov\u011b\u010f nechcete odpov\u011bd\u011bt, <strong>vypl\u0148te pol\u00ed\u010dko<\/strong> libovoln\u00fdm znakem.<\/i><\/p>\n<p>[\/et_pb_text][\/et_pb_column][\/et_pb_row][\/et_pb_section][et_pb_section fb_built=&#8220;1&#8243; _builder_version=&#8220;4.9.3&#8243; _module_preset=&#8220;default&#8220;][et_pb_row column_structure=&#8220;1_3,1_3,1_3&#8243; _builder_version=&#8220;4.7.7&#8243; _module_preset=&#8220;default&#8220; module_alignment=&#8220;center&#8220; custom_margin=&#8220;-97px||||false|false&#8220; custom_padding=&#8220;0px||||false|false&#8220;][et_pb_column type=&#8220;1_3&#8243; _builder_version=&#8220;4.7.4&#8243; _module_preset=&#8220;default&#8220;][et_pb_image src=&#8220;https:\/\/aromapflege.tirol\/wp-content\/uploads\/2021\/04\/3-e1617565821381.jpg&#8220; title_text=&#8220;Fragenbogen Ikone&#8220; align=&#8220;center&#8220; _builder_version=&#8220;4.9.2&#8243; _module_preset=&#8220;default&#8220; transform_scale=&#8220;50%|50%&#8220; transform_translate=&#8220;0px|80px&#8220; transform_translate_linked=&#8220;off&#8220; custom_margin=&#8220;-60px||||false|false&#8220;][\/et_pb_image][et_pb_blurb title=&#8220;Pro\u010d takov\u00fdto dotazn\u00edk?&#8220; _builder_version=&#8220;4.9.3&#8243; header_font=&#8220;Cormorant Garamond||||||||&#8220; header_text_align=&#8220;center&#8220; header_line_height=&#8220;1.5em&#8220; body_font=&#8220;||||||||&#8220; locked=&#8220;off&#8220;]<\/p>\n<p style=\"text-align: center;\">Tento dotazn\u00edk slou\u017e\u00ed pouze pro to, abych si mohla ud\u011blat lep\u0161\u00ed p\u0159edstavu o Va\u0161em zdrav\u00ed a sou\u010dasn\u00e9m stavu, ve kter\u00e9m se nach\u00e1z\u00edte. Jen na z\u00e1klad\u011b informac\u00ed, kter\u00e9 mi poskytnete, <strong>mohu ur\u010dit Va\u0161i diagn\u00f3zu a pro V\u00e1s sestavit co nejvhodn\u011bj\u0161\u00ed vonnou kompozici.<\/strong><\/p>\n<p>[\/et_pb_blurb][\/et_pb_column][et_pb_column type=&#8220;1_3&#8243; _builder_version=&#8220;4.7.4&#8243; _module_preset=&#8220;default&#8220;][et_pb_image src=&#8220;https:\/\/aromapflege.tirol\/wp-content\/uploads\/2021\/04\/4-e1617565845667.jpg&#8220; title_text=&#8220;Sicherheit Ikone&#8220; align=&#8220;center&#8220; _builder_version=&#8220;4.9.2&#8243; _module_preset=&#8220;default&#8220; transform_scale=&#8220;50%|50%&#8220; transform_translate=&#8220;0px|80px&#8220; transform_translate_linked=&#8220;off&#8220; custom_margin=&#8220;-60px||||false|false&#8220;][\/et_pb_image][et_pb_blurb title=&#8220;Jsou poskytnut\u00e9 informace v bezpe\u010d\u00ed?&#8220; _builder_version=&#8220;4.9.3&#8243; header_font=&#8220;Cormorant Garamond||||||||&#8220; header_text_align=&#8220;center&#8220; header_line_height=&#8220;1.5em&#8220; body_font=&#8220;||||||||&#8220; locked=&#8220;off&#8220;]<\/p>\n<p style=\"text-align: center;\">Informace z tohoto dotazn\u00edku <strong>slou\u017e\u00ed k sestaven\u00ed osobn\u00ed v\u016fn\u011b a nebudou nikde sd\u00edleny<\/strong> nebo roz\u0161i\u0159ov\u00e1ny. Informace neposkytuji \u017e\u00e1dn\u00e9 t\u0159et\u00ed stran\u011b, ani o nich nikde nehovo\u0159\u00edm. P\u0159istupuji k nim s respektem. <strong>Velmi si\u00a0v\u00e1\u017e\u00edm Va\u0161\u00ed d\u016fv\u011bry.<\/strong><\/p>\n<p>[\/et_pb_blurb][\/et_pb_column][et_pb_column type=&#8220;1_3&#8243; _builder_version=&#8220;4.7.4&#8243; _module_preset=&#8220;default&#8220;][et_pb_image src=&#8220;https:\/\/aromapflege.tirol\/wp-content\/uploads\/2021\/04\/2-e1617565786401.jpg&#8220; title_text=&#8220;Fragen Ikone&#8220; align=&#8220;center&#8220; _builder_version=&#8220;4.9.2&#8243; _module_preset=&#8220;default&#8220; transform_scale=&#8220;60%|60%&#8220; transform_translate=&#8220;0px|80px&#8220; transform_translate_linked=&#8220;off&#8220; custom_margin=&#8220;-60px||||false|false&#8220;][\/et_pb_image][et_pb_blurb title=&#8220;Nejsou ot\u00e1zky p\u0159\u00edli\u0161 osobn\u00ed? &#8220; _builder_version=&#8220;4.9.3&#8243; header_font=&#8220;Cormorant Garamond||||||||&#8220; header_text_align=&#8220;center&#8220; header_line_height=&#8220;1.5em&#8220; body_font=&#8220;||||||||&#8220; locked=&#8220;off&#8220;]<\/p>\n<p style=\"text-align: center;\"><strong>\u017d\u00e1dn\u00e1 ot\u00e1zka nen\u00ed povinn\u00e1 pro vypln\u011bn\u00ed, ale obecn\u011b plat\u00ed, \u017ee \u010d\u00edm v\u00edce informac\u00ed mi o sob\u011b poskytnete, t\u00edm p\u0159esn\u011bji mohu p\u0159ipravit v\u016fni p\u0159\u00edmo na m\u00edru,<\/strong> kter\u00e1 m\u016f\u017ee b\u00fdt n\u00e1sledn\u011b pou\u017eita jako terapeutick\u00fd prost\u0159edek p\u0159\u00edmo pro V\u00e1s osobn\u011b.<\/p>\n<p>[\/et_pb_blurb][\/et_pb_column][\/et_pb_row][et_pb_row _builder_version=&#8220;4.9.3&#8243; _module_preset=&#8220;default&#8220; max_width=&#8220;750px&#8220;][et_pb_column type=&#8220;4_4&#8243; _builder_version=&#8220;4.9.3&#8243; _module_preset=&#8220;default&#8220;][et_pb_code _builder_version=&#8220;4.9.3&#8243; _module_preset=&#8220;default&#8220;]\n<div class=\"wpcf7 no-js\" id=\"wpcf7-f7454-o1\" lang=\"cs-CZ\" dir=\"ltr\" data-wpcf7-id=\"7454\">\n<div class=\"screen-reader-response\"><p role=\"status\" aria-live=\"polite\" aria-atomic=\"true\"><\/p> <ul><\/ul><\/div>\n<form action=\"\/cs\/wp-json\/wp\/v2\/pages\/6815#wpcf7-f7454-o1\" method=\"post\" class=\"wpcf7-form init\" aria-label=\"Kontaktn\u00ed formul\u00e1\u0159\" enctype=\"multipart\/form-data\" novalidate=\"novalidate\" data-status=\"init\">\n<fieldset class=\"hidden-fields-container\"><input type=\"hidden\" name=\"_wpcf7\" value=\"7454\" \/><input type=\"hidden\" name=\"_wpcf7_version\" value=\"6.1.5\" \/><input type=\"hidden\" name=\"_wpcf7_locale\" value=\"cs_CZ\" \/><input type=\"hidden\" name=\"_wpcf7_unit_tag\" value=\"wpcf7-f7454-o1\" \/><input type=\"hidden\" name=\"_wpcf7_container_post\" value=\"0\" \/><input type=\"hidden\" name=\"_wpcf7_posted_data_hash\" value=\"\" \/>\n<\/fieldset>\n<p><label> Jm\u00e9no a p\u0159\u00edjmen\u00ed (nebo jak V\u00e1s mohu oslovovat?):<br \/>\n<span class=\"wpcf7-form-control-wrap\" data-name=\"your-name\"><input size=\"40\" maxlength=\"400\" class=\"wpcf7-form-control wpcf7-text wpcf7-validates-as-required\" aria-required=\"true\" aria-invalid=\"false\" value=\"\" type=\"text\" name=\"your-name\" \/><\/span> <\/label><br \/>\n<label> Datum narozen\u00ed (nebo jak\u00fd je V\u00e1\u0161 v\u011bk?):<br \/>\n<span class=\"wpcf7-form-control-wrap\" data-name=\"your-vek\"><input size=\"40\" maxlength=\"400\" class=\"wpcf7-form-control wpcf7-text wpcf7-validates-as-required\" aria-required=\"true\" aria-invalid=\"false\" value=\"\" type=\"text\" name=\"your-vek\" \/><\/span> <\/label><br \/>\n<label> V\u00fd\u0161ka a v\u00e1ha:<br \/>\n<span class=\"wpcf7-form-control-wrap\" data-name=\"your-vyska\"><input size=\"40\" maxlength=\"400\" class=\"wpcf7-form-control wpcf7-text wpcf7-validates-as-required\" aria-required=\"true\" aria-invalid=\"false\" value=\"\" type=\"text\" name=\"your-vyska\" \/><\/span> <\/label><br \/>\n<label> Jsem \u017eena\/mu\u017e:<br \/>\n<span class=\"wpcf7-form-control-wrap\" data-name=\"your-jsem\"><input size=\"40\" maxlength=\"400\" class=\"wpcf7-form-control wpcf7-text wpcf7-validates-as-required\" aria-required=\"true\" aria-invalid=\"false\" value=\"\" type=\"text\" name=\"your-jsem\" \/><\/span> <\/label><br \/>\n<label> V\u00e1\u0161 e-mail<br \/>\n<span class=\"wpcf7-form-control-wrap\" data-name=\"your-email\"><input size=\"40\" maxlength=\"400\" class=\"wpcf7-form-control wpcf7-email wpcf7-validates-as-required wpcf7-text wpcf7-validates-as-email\" aria-required=\"true\" aria-invalid=\"false\" value=\"\" type=\"email\" name=\"your-email\" \/><\/span> <\/label>\n<\/p>\n<p><label> Pokud jste \u017eena - Jsem\/nejsem t\u011bhotn\u00e1:<br \/>\n<span class=\"wpcf7-form-control-wrap\" data-name=\"your-tehotna\"><input size=\"40\" maxlength=\"400\" class=\"wpcf7-form-control wpcf7-text wpcf7-validates-as-required\" aria-required=\"true\" aria-invalid=\"false\" value=\"\" type=\"text\" name=\"your-tehotna\" \/><\/span> <\/label>\n<\/p>\n<p><label> Pokud nejste t\u011bhotn\u00e1, jak vypad\u00e1 Va\u0161e menstruace? P\u0159i popisu si pomo\u017ete n\u00e1sleduj\u00edc\u00edmi v\u00fdrazy. Moje menstruace je pravideln\u00e1 a norm\u00e1ln\u00ed\/nepravideln\u00e1\/velmi siln\u00e1\/p\u0159\u00edli\u0161 dlouh\u00e1\/p\u0159\u00edli\u0161 kr\u00e1tk\u00e1\/bolestiv\u00e1\/jsem v menopauze\/(u\u017e) nem\u00e1m \u017e\u00e1dnou menstruaci<br \/>\n<span class=\"wpcf7-form-control-wrap\" data-name=\"dotaz1\"><input size=\"40\" maxlength=\"400\" class=\"wpcf7-form-control wpcf7-text wpcf7-validates-as-required\" aria-required=\"true\" aria-invalid=\"false\" value=\"\" type=\"text\" name=\"dotaz1\" \/><\/span> <\/label>\n<\/p>\n<p><label> Popi\u0161te, jak vypad\u00e1 Va\u0161e zam\u011bstn\u00e1n\u00ed. P\u0159. sedav\u00e9\/hodn\u011b stoj\u00edm\/st\u00e1le b\u011bh\u00e1m\/sed\u00edm hodn\u011b za PC\/hodn\u011b organizuji apod. Moje pr\u00e1ce je:<br \/>\n<span class=\"wpcf7-form-control-wrap\" data-name=\"dotaz2\"><input size=\"40\" maxlength=\"400\" class=\"wpcf7-form-control wpcf7-text wpcf7-validates-as-required\" aria-required=\"true\" aria-invalid=\"false\" value=\"\" type=\"text\" name=\"dotaz2\" \/><\/span> <\/label>\n<\/p>\n<p><label> Aktu\u00e1ln\u00ed pot\u00ed\u017ee:<br \/>\n<span class=\"wpcf7-form-control-wrap\" data-name=\"dotaz3\"><input size=\"40\" maxlength=\"400\" class=\"wpcf7-form-control wpcf7-text wpcf7-validates-as-required\" aria-required=\"true\" aria-invalid=\"false\" value=\"\" type=\"text\" name=\"dotaz3\" \/><\/span> <\/label>\n<\/p>\n<p><label> Prod\u011blali jste n\u011bjak\u00e9 operace? Pokud ano, jak\u00e9 a kdy?<br \/>\n<span class=\"wpcf7-form-control-wrap\" data-name=\"dotaz4\"><input size=\"40\" maxlength=\"400\" class=\"wpcf7-form-control wpcf7-text wpcf7-validates-as-required\" aria-required=\"true\" aria-invalid=\"false\" value=\"\" type=\"text\" name=\"dotaz4\" \/><\/span> <\/label>\n<\/p>\n<p><label> U\u017e\u00edv\u00e1te n\u011bjak\u00e9 medikamenty? Pokud ano, tak na co? (pros\u00edm, nepi\u0161te mi n\u00e1zvy l\u00e9k\u016f, ale na co l\u00e9ky u\u017e\u00edv\u00e1te)<br \/>\n<span class=\"wpcf7-form-control-wrap\" data-name=\"dotaz5\"><input size=\"40\" maxlength=\"400\" class=\"wpcf7-form-control wpcf7-text wpcf7-validates-as-required\" aria-required=\"true\" aria-invalid=\"false\" value=\"\" type=\"text\" name=\"dotaz5\" \/><\/span> <\/label>\n<\/p>\n<p><label> Jak\u00fd je V\u00e1s krevn\u00ed tlak? M\u016fj krevn\u00ed tlak je norm\u00e1ln\u00ed\/vysok\u00fd\/n\u00edzk\u00fd<br \/>\n<span class=\"wpcf7-form-control-wrap\" data-name=\"dotaz6\"><input size=\"40\" maxlength=\"400\" class=\"wpcf7-form-control wpcf7-text wpcf7-validates-as-required\" aria-required=\"true\" aria-invalid=\"false\" value=\"\" type=\"text\" name=\"dotaz6\" \/><\/span> <\/label>\n<\/p>\n<p><strong>Jak se m\u00e1te? \ud83d\ude0a<\/strong><br \/>\n<em>Pokuste se co nejp\u0159esn\u011bji popsat, jak se c\u00edt\u00edte. Pomo\u017ete si n\u00e1sleduj\u00edc\u00edmi v\u00fdrazy.<\/em>\n<\/p>\n<p><label> Je mi \u010dasto teplo\/horko\/zima\/m\u00edv\u00e1m studen\u00e9 ruce a nohy<br \/>\n<span class=\"wpcf7-form-control-wrap\" data-name=\"dotaz7\"><input size=\"40\" maxlength=\"400\" class=\"wpcf7-form-control wpcf7-text wpcf7-validates-as-required\" aria-required=\"true\" aria-invalid=\"false\" value=\"\" type=\"text\" name=\"dotaz7\" \/><\/span> <\/label>\n<\/p>\n<p><label> C\u00edt\u00edm se velmi vit\u00e1ln\u00ed a \u017eivotapln\u00fd(\u00e1)\/sp\u00ed\u0161 unaven\u00fd(\u00e1)\/velmi unaven\u00fd(\u00e1)\/bez \u017eivota<br \/>\n<span class=\"wpcf7-form-control-wrap\" data-name=\"dotaz8\"><input size=\"40\" maxlength=\"400\" class=\"wpcf7-form-control wpcf7-text wpcf7-validates-as-required\" aria-required=\"true\" aria-invalid=\"false\" value=\"\" type=\"text\" name=\"dotaz8\" \/><\/span> <\/label>\n<\/p>\n<p><label> Trp\u00edm na bolesti hlavy\/bolesti zad \u2013 pokud ano, kde p\u0159esn\u011b m\u00edv\u00e1te bolesti?<br \/>\n<span class=\"wpcf7-form-control-wrap\" data-name=\"dotaz9\"><input size=\"40\" maxlength=\"400\" class=\"wpcf7-form-control wpcf7-text wpcf7-validates-as-required\" aria-required=\"true\" aria-invalid=\"false\" value=\"\" type=\"text\" name=\"dotaz9\" \/><\/span> <\/label>\n<\/p>\n<p><label> Sp\u00edm velmi dob\u0159e\/ne moc dob\u0159e\/neus\u00edn\u00e1m dob\u0159e\/pravideln\u011b se v noci bud\u00edm - pokud ano, v kolik hodin?<br \/>\n<span class=\"wpcf7-form-control-wrap\" data-name=\"dotaz10\"><input size=\"40\" maxlength=\"400\" class=\"wpcf7-form-control wpcf7-text wpcf7-validates-as-required\" aria-required=\"true\" aria-invalid=\"false\" value=\"\" type=\"text\" name=\"dotaz10\" \/><\/span> <\/label>\n<\/p>\n<p><label> V noci pot\u0159ebuji j\u00edt na z\u00e1chod\/nepot\u0159ebuji j\u00edt na z\u00e1chod.<br \/>\n<span class=\"wpcf7-form-control-wrap\" data-name=\"dotaz11\"><input size=\"40\" maxlength=\"400\" class=\"wpcf7-form-control wpcf7-text wpcf7-validates-as-required\" aria-required=\"true\" aria-invalid=\"false\" value=\"\" type=\"text\" name=\"dotaz11\" \/><\/span> <\/label>\n<\/p>\n<p><label> Pot\u00edm se nadm\u011brn\u011b\/norm\u00e1ln\u011b\/skoro v\u016fbec<br \/>\n<span class=\"wpcf7-form-control-wrap\" data-name=\"dotaz12\"><input size=\"40\" maxlength=\"400\" class=\"wpcf7-form-control wpcf7-text wpcf7-validates-as-required\" aria-required=\"true\" aria-invalid=\"false\" value=\"\" type=\"text\" name=\"dotaz12\" \/><\/span> <\/label>\n<\/p>\n<p><label> D\u00fdch\u00e1 se mi t\u011b\u017eko\/bez probl\u00e9mu\/p\u0159i ch\u016fzi do schod\u016f se zad\u00fdch\u00e1m\/\u010dasto se zad\u00fdch\u00e1v\u00e1m\/jin\u00e9 pozorov\u00e1n\u00ed s dechem<br \/>\n<span class=\"wpcf7-form-control-wrap\" data-name=\"dotaz13\"><input size=\"40\" maxlength=\"400\" class=\"wpcf7-form-control wpcf7-text wpcf7-validates-as-required\" aria-required=\"true\" aria-invalid=\"false\" value=\"\" type=\"text\" name=\"dotaz13\" \/><\/span> <\/label>\n<\/p>\n<p><label> Sportuji \u010dasto a hodn\u011b\/pravideln\u011b\/ob\u010das\/v\u016fbec\/chyb\u00ed mi pohyb<br \/>\n<span class=\"wpcf7-form-control-wrap\" data-name=\"dotaz14\"><input size=\"40\" maxlength=\"400\" class=\"wpcf7-form-control wpcf7-text wpcf7-validates-as-required\" aria-required=\"true\" aria-invalid=\"false\" value=\"\" type=\"text\" name=\"dotaz14\" \/><\/span> <\/label>\n<\/p>\n<p><strong>Prozra\u010fte mi n\u011bco o Va\u0161em \u017eivotn\u00edm stylu:<\/strong>\n<\/p>\n<p><label> Kou\u0159\u00edm\/nekou\u0159\u00edm:<br \/>\n<span class=\"wpcf7-form-control-wrap\" data-name=\"dotaz15\"><input size=\"40\" maxlength=\"400\" class=\"wpcf7-form-control wpcf7-text wpcf7-validates-as-required\" aria-required=\"true\" aria-invalid=\"false\" value=\"\" type=\"text\" name=\"dotaz15\" \/><\/span> <\/label>\n<\/p>\n<p><label> Beru drogy\/neberu drogy\/d\u0159\u00edve jsem bral(a) drogy\/nikdy jsem drogy nebral(a):<br \/>\n<span class=\"wpcf7-form-control-wrap\" data-name=\"dotaz16\"><input size=\"40\" maxlength=\"400\" class=\"wpcf7-form-control wpcf7-text wpcf7-validates-as-required\" aria-required=\"true\" aria-invalid=\"false\" value=\"\" type=\"text\" name=\"dotaz16\" \/><\/span> <\/label>\n<\/p>\n<p><label> Alkohol piju z\u0159\u00eddka kdy\/\u010dasto\/z\u0159\u00eddka, ale hodn\u011b\/nikdy:<br \/>\n<span class=\"wpcf7-form-control-wrap\" data-name=\"dotaz17\"><input size=\"40\" maxlength=\"400\" class=\"wpcf7-form-control wpcf7-text wpcf7-validates-as-required\" aria-required=\"true\" aria-invalid=\"false\" value=\"\" type=\"text\" name=\"dotaz17\" \/><\/span> <\/label>\n<\/p>\n<p><label> Denn\u011b vypiju dostate\u010dn\u00e9 mno\u017estv\u00ed tekutin\/piju m\u00e1lo. Kolik litr\u016f tekutin asi vypijete za den?<br \/>\n<span class=\"wpcf7-form-control-wrap\" data-name=\"dotaz18\"><input size=\"40\" maxlength=\"400\" class=\"wpcf7-form-control wpcf7-text wpcf7-validates-as-required\" aria-required=\"true\" aria-invalid=\"false\" value=\"\" type=\"text\" name=\"dotaz18\" \/><\/span> <\/label>\n<\/p>\n<p><label> Jak vypad\u00e1 Va\u0161e b\u011b\u017en\u00e1 stolice? Je norm\u00e1ln\u00ed a konzistentn\u00ed\/\u0159\u00eddk\u00e1\/velmi \u0159\u00eddk\u00e1\/tuh\u00e1 a such\u00e1\/v\u00edce jak jednou denn\u011b\/m\u00e9n\u011b jak jednou za 2 dny\/jin\u00e9:<br \/>\n<span class=\"wpcf7-form-control-wrap\" data-name=\"dotaz19\"><input size=\"40\" maxlength=\"400\" class=\"wpcf7-form-control wpcf7-text wpcf7-validates-as-required\" aria-required=\"true\" aria-invalid=\"false\" value=\"\" type=\"text\" name=\"dotaz19\" \/><\/span> <\/label>\n<\/p>\n<p><label> Jak vypad\u00e1 Va\u0161e mo\u010d po r\u00e1nu? Je hodn\u011b tmav\u00e1\/sv\u011btl\u00e1\/jako voda\/jasn\u00e1 a pr\u016fhledn\u00e1\/zakalen\u00e1\/velmi zap\u00e1chaj\u00edc\u00ed\/s mal\u00fdmi kousky\/p\u011bniv\u00e1:<br \/>\n<span class=\"wpcf7-form-control-wrap\" data-name=\"dotaz20\"><input size=\"40\" maxlength=\"400\" class=\"wpcf7-form-control wpcf7-text wpcf7-validates-as-required\" aria-required=\"true\" aria-invalid=\"false\" value=\"\" type=\"text\" name=\"dotaz20\" \/><\/span> <\/label>\n<\/p>\n<p><em>Pokud se nem\u016f\u017eeme sej\u00edt osobn\u011b nebo se vid\u011bt p\u0159es obrazovku online, mohli byste se popsat? Pomo\u017ete si n\u00e1sleduj\u00edc\u00edmi v\u00fdrazy:<\/em>\n<\/p>\n<p><label> Moje barva o\u010d\u00ed je modr\u00e1\/hn\u011bd\u00e1\/zelen\u00e1\/sm\u00ed\u0161en\u00e1 (modr\u00e1 s hn\u011bd\u00fdm zbarven\u00edm u panenky)\/jin\u00e9:<br \/>\n<span class=\"wpcf7-form-control-wrap\" data-name=\"dotaz21\"><input size=\"40\" maxlength=\"400\" class=\"wpcf7-form-control wpcf7-text wpcf7-validates-as-required\" aria-required=\"true\" aria-invalid=\"false\" value=\"\" type=\"text\" name=\"dotaz21\" \/><\/span> <\/label>\n<\/p>\n<p><label> Moje nehty jsou l\u00e1mav\u00e9\/tvrd\u00e9\/r\u00fdhovan\u00e9\/p\u011bkn\u011b r\u016f\u017eov\u00e9\/modr\u00e9 nebo nafialov\u011bl\u00e9\/jin\u00e9:<br \/>\n<span class=\"wpcf7-form-control-wrap\" data-name=\"dotaz22\"><input size=\"40\" maxlength=\"400\" class=\"wpcf7-form-control wpcf7-text wpcf7-validates-as-required\" aria-required=\"true\" aria-invalid=\"false\" value=\"\" type=\"text\" name=\"dotaz22\" \/><\/span> <\/label>\n<\/p>\n<p><label> M\u00e9 vlasy trp\u00ed na rozt\u0159epen\u00e9 kone\u010dky\/vypad\u00e1v\u00e1n\u00ed\/jsou \u0159\u00eddk\u00e9\/slab\u00e9\/mastn\u00e9\/such\u00e9\/norm\u00e1ln\u00ed:<br \/>\n<span class=\"wpcf7-form-control-wrap\" data-name=\"dotaz23\"><input size=\"40\" maxlength=\"400\" class=\"wpcf7-form-control wpcf7-text wpcf7-validates-as-required\" aria-required=\"true\" aria-invalid=\"false\" value=\"\" type=\"text\" name=\"dotaz23\" \/><\/span> <\/label>\n<\/p>\n<p><label> Jak\u00e9mu temperamentn\u00edmu typu byste se p\u0159i\u0159adili? Jsem sp\u00ed\u0161e melancholik\/sangvinik\/flegmatik\/cholerik:<br \/>\n<span class=\"wpcf7-form-control-wrap\" data-name=\"dotaz24\"><input size=\"40\" maxlength=\"400\" class=\"wpcf7-form-control wpcf7-text wpcf7-validates-as-required\" aria-required=\"true\" aria-invalid=\"false\" value=\"\" type=\"text\" name=\"dotaz24\" \/><\/span> <\/label>\n<\/p>\n<p><label> M\u00e1te n\u011bjakou obl\u00edbenou v\u016fni?<br \/>\n<span class=\"wpcf7-form-control-wrap\" data-name=\"dotaz25\"><input size=\"40\" maxlength=\"400\" class=\"wpcf7-form-control wpcf7-text wpcf7-validates-as-required\" aria-required=\"true\" aria-invalid=\"false\" value=\"\" type=\"text\" name=\"dotaz25\" \/><\/span> <\/label>\n<\/p>\n<p><label> Je n\u011bjak\u00e1 v\u016fn\u011b, kterou nesnesete?<br \/>\n<span class=\"wpcf7-form-control-wrap\" data-name=\"dotaz26\"><input size=\"40\" maxlength=\"400\" class=\"wpcf7-form-control wpcf7-text wpcf7-validates-as-required\" aria-required=\"true\" aria-invalid=\"false\" value=\"\" type=\"text\" name=\"dotaz26\" \/><\/span> <\/label>\n<\/p>\n<p><label> Zde m\u016f\u017eete napsat n\u011bjakou pozn\u00e1mku:<br \/>\n<span class=\"wpcf7-form-control-wrap\" data-name=\"dotaz27\"><input size=\"40\" maxlength=\"400\" class=\"wpcf7-form-control wpcf7-text wpcf7-validates-as-required\" aria-required=\"true\" aria-invalid=\"false\" value=\"\" type=\"text\" name=\"dotaz27\" \/><\/span> <\/label>\n<\/p>\n<p><label> Pro p\u0159esn\u011bj\u0161\u00ed ur\u010den\u00ed diagn\u00f3zy vlo\u017ete fotografii Va\u0161eho jazyka nebo ostr\u00e9 fotografie va\u0161ich o\u010d\u00ed.<\/label><br \/>\n<span class=\"wpcf7-form-control-wrap\" data-name=\"nahrat1\"><input size=\"40\" class=\"wpcf7-form-control wpcf7-file\" accept=\".png,.pdf,.jpg\" aria-invalid=\"false\" type=\"file\" name=\"nahrat1\" \/><\/span><br \/>\n<span class=\"wpcf7-form-control-wrap\" data-name=\"nahrat2\"><input size=\"40\" class=\"wpcf7-form-control wpcf7-file\" accept=\".png,.pdf,.jpg\" aria-invalid=\"false\" type=\"file\" name=\"nahrat2\" \/><\/span><br \/>\n<span class=\"wpcf7-form-control-wrap\" data-name=\"nahrat3\"><input size=\"40\" class=\"wpcf7-form-control wpcf7-file\" accept=\".png,.pdf,.jpg\" aria-invalid=\"false\" type=\"file\" name=\"nahrat3\" \/><\/span>\n<\/p>\n<p><input class=\"wpcf7-form-control wpcf7-submit has-spinner\" type=\"submit\" value=\"Odeslat\" \/>\n<\/p><div class=\"wpcf7-response-output\" aria-hidden=\"true\"><\/div>\n<\/form>\n<\/div>\n[\/et_pb_code][\/et_pb_column][\/et_pb_row][\/et_pb_section][et_pb_section fb_built=&#8220;1&#8243; prev_background_color=&#8220;#ffffff&#8220; next_background_color=&#8220;#ffffff&#8220; admin_label=&#8220;Features&#8220; _builder_version=&#8220;4.9.2&#8243; background_color=&#8220;RGBA(0,0,0,0)&#8220; height_tablet=&#8220;&#8220; height_phone=&#8220;&#8220; height_last_edited=&#8220;on|phone&#8220; custom_margin=&#8220;1px||-18px||false|false&#8220; custom_margin_tablet=&#8220;&#8220; custom_margin_phone=&#8220;&#8220; custom_margin_last_edited=&#8220;on|phone&#8220; custom_padding=&#8220;0||62px||false|false&#8220; top_divider_style=&#8220;wave2&#8243; top_divider_height=&#8220;148px&#8220; bottom_divider_style=&#8220;wave&#8220; global_module=&#8220;1820&#8243; saved_tabs=&#8220;all&#8220; locked=&#8220;off&#8220;][et_pb_row _builder_version=&#8220;4.8.1&#8243; _module_preset=&#8220;default&#8220;][et_pb_column type=&#8220;4_4&#8243; _builder_version=&#8220;4.8.1&#8243; _module_preset=&#8220;default&#8220;][et_pb_text _builder_version=&#8220;4.9.0&#8243; _module_preset=&#8220;default&#8220; text_font=&#8220;Italianno||||||||&#8220; text_text_color=&#8220;#3f5900&#8243; text_font_size=&#8220;40px&#8220; text_line_height=&#8220;1.8em&#8220; custom_padding=&#8220;20px|||||&#8220;][\/et_pb_text][\/et_pb_column][\/et_pb_row][\/et_pb_section][et_pb_section fb_built=&#8220;1&#8243; _builder_version=&#8220;4.7.7&#8243; _module_preset=&#8220;default&#8220; saved_tabs=&#8220;all&#8220;][et_pb_row _builder_version=&#8220;4.8.2&#8243; _module_preset=&#8220;default&#8220;][et_pb_column type=&#8220;4_4&#8243; _builder_version=&#8220;4.8.2&#8243; _module_preset=&#8220;default&#8220;][et_pb_text _builder_version=&#8220;4.9.3&#8243; _module_preset=&#8220;default&#8220;]<\/p>\n<h2 style=\"text-align: center;\">Dal\u0161\u00ed slu\u017eby pro v\u00e1s<\/h2>\n<p>[\/et_pb_text][et_pb_divider _builder_version=&#8220;4.9.2&#8243; _module_preset=&#8220;default&#8220; width=&#8220;50px&#8220; module_alignment=&#8220;center&#8220;][\/et_pb_divider][\/et_pb_column][\/et_pb_row][et_pb_row column_structure=&#8220;1_4,1_4,1_4,1_4&#8243; use_custom_gutter=&#8220;on&#8220; gutter_width=&#8220;1&#8243; make_equal=&#8220;on&#8220; _builder_version=&#8220;4.9.2&#8243; _module_preset=&#8220;default&#8220; border_color_right=&#8220;#560036&#8243;][et_pb_column type=&#8220;1_4&#8243; _builder_version=&#8220;4.8.2&#8243; _module_preset=&#8220;default&#8220;][et_pb_toggle title=&#8220;Aromap\u00e9\u010de&#8220; open_toggle_text_color=&#8220;#560036&#8243; icon_color=&#8220;#560036&#8243; _builder_version=&#8220;4.9.1&#8243; _module_preset=&#8220;default&#8220; title_text_color=&#8220;#560036&#8243; title_font=&#8220;||on||||||&#8220; background_color=&#8220;#FFFFFF&#8220; link_option_url=&#8220;https:\/\/aromapflege.tirol\/cs\/co-nabizim\/aromapece-o-telo\/&#8220; border_width_all=&#8220;0px&#8220; border_width_right=&#8220;1px&#8220; border_color_right=&#8220;#560036&#8243; border_radii_last_edited=&#8220;off|phone&#8220;]<\/p>\n<p>Synergie pohyb\u016f a technik, kter\u00e9 pe\u010duj\u00ed nejen o fyzickou, ale i du\u0161evn\u00ed str\u00e1nku t\u011bla. Esence z rostlin jsou aplikov\u00e1ny p\u0159es k\u016f\u017ei do t\u011bla a na z\u00e1klad\u011b jejich vlastnost\u00ed podporuj\u00ed zdrav\u00ed jedince.<\/p>\n<p><a href=\"https:\/\/aromapflege.tirol\/cs\/co-nabizim\/aromapece\/\" target=\"_blank\" rel=\"noopener noreferrer\">V\u00edce info &gt;&gt;<\/a><\/p>\n<p>[\/et_pb_toggle][\/et_pb_column][et_pb_column type=&#8220;1_4&#8243; _builder_version=&#8220;4.8.2&#8243; _module_preset=&#8220;default&#8220;][et_pb_toggle title=&#8220;Kurzy&#8220; open_toggle_text_color=&#8220;#560036&#8243; icon_color=&#8220;#560036&#8243; _builder_version=&#8220;4.9.2&#8243; _module_preset=&#8220;default&#8220; title_text_color=&#8220;#560036&#8243; title_font=&#8220;||on||||||&#8220; background_color=&#8220;#FFFFFF&#8220; link_option_url=&#8220;https:\/\/aromapflege.tirol\/cs\/co-nabizim\/kurzy\/&#8220; border_width_all=&#8220;0px&#8220; border_width_right=&#8220;1px&#8220; border_color_right=&#8220;#560036&#8243;]<\/p>\n<p>Vzd\u011bl\u00e1v\u00e1n\u00ed je jedn\u00edm pil\u00ed\u0159em k \u00fasp\u011bchu. V\u00fdukov\u00e9 a vzd\u011bl\u00e1vac\u00ed programy formou workshop\u016f, semin\u00e1\u0159\u016f i p\u0159edn\u00e1\u0161ek. Prezen\u010dn\u00ed i ONLINE forma.<\/p>\n<p><a href=\"https:\/\/aromapflege.tirol\/cs\/co-nabizim\/kurzy\/\">V\u00edce info\u00a0&gt;&gt;<\/a><\/p>\n<p>[\/et_pb_toggle][\/et_pb_column][et_pb_column type=&#8220;1_4&#8243; _builder_version=&#8220;4.8.2&#8243; _module_preset=&#8220;default&#8220;][et_pb_toggle title=&#8220;Pro  t\u011bhotn\u00e9&#8220; open_toggle_text_color=&#8220;#560036&#8243; icon_color=&#8220;#560036&#8243; _builder_version=&#8220;4.9.2&#8243; _module_preset=&#8220;default&#8220; title_text_color=&#8220;#560036&#8243; title_font=&#8220;||on||||||&#8220; background_color=&#8220;#FFFFFF&#8220; link_option_url=&#8220;https:\/\/aromapflege.tirol\/cs\/co-nabizim\/tehu\/&#8220; border_width_all=&#8220;0px&#8220; border_color_all=&#8220;#560036&#8243; border_width_right=&#8220;1px&#8220;]<\/p>\n<p>Po\u017eehnan\u00fd stav \u017eeny vy\u017eaduje zvl\u00e1\u0161tn\u00ed p\u00e9\u010di. T\u011bhotensk\u00e1 mas\u00e1\u017e vyu\u017e\u00edv\u00e1 jemn\u00fdch technik, p\u0159i kter\u00e9 jsou kvalitn\u00ed oleje vt\u00edr\u00e1ny do k\u016f\u017ee a zaru\u010duj\u00ed p\u0159\u00edjemn\u00fd pocit matce i d\u00edt\u011bti.<\/p>\n<p><a href=\"https:\/\/aromapflege.tirol\/cs\/co-nabizim\/tehu\/\">V\u00edce info\u00a0&gt;&gt;<\/a><\/p>\n<p>[\/et_pb_toggle][\/et_pb_column][et_pb_column type=&#8220;1_4&#8243; _builder_version=&#8220;4.8.2&#8243; _module_preset=&#8220;default&#8220;][et_pb_toggle title=&#8220;Bylinky &#038; Co.&#8220; open_toggle_text_color=&#8220;#560036&#8243; icon_color=&#8220;#560036&#8243; _builder_version=&#8220;4.9.1&#8243; _module_preset=&#8220;default&#8220; title_text_color=&#8220;#560036&#8243; title_font=&#8220;||on||||||&#8220; background_color=&#8220;#FFFFFF&#8220; link_option_url=&#8220;https:\/\/aromapflege.tirol\/cs\/co-nabizim\/bylinky\/&#8220; border_width_all=&#8220;0px&#8220; border_width_right=&#8220;1px&#8220; border_color_right=&#8220;#560036&#8243;]<\/p>\n<p>L\u00e9\u010div\u00e9 rostliny su\u0161en\u00e9 a nebo produkty z nich vyroben\u00e9. Tinktury, masti, vyku\u0159ovac\u00ed sm\u011bsi a dal\u0161\u00ed. V\u0161e, co p\u0159\u00edroda vyrobila, j\u00e1 jen v p\u0159irozen\u00e9m prost\u0159ed\u00ed bylin pro V\u00e1s nasb\u00edrala.<\/p>\n<p><a href=\"https:\/\/aromapflege.tirol\/cs\/co-nabizim\/bylinky\/\">V\u00edce info\u00a0&gt;&gt;<\/a><\/p>\n<p>[\/et_pb_toggle][\/et_pb_column][\/et_pb_row][\/et_pb_section]<\/p>\n","protected":false},"excerpt":{"rendered":"<p>Nem\u016f\u017eeme se sej\u00edt osobn\u011b? Potkejme se tedy ONLINEOsobn\u00ed v\u016fni lze sestavit tak\u00e9 na z\u00e1klad\u011b V\u00e1mi poskytnut\u00fdch informac\u00ed.Postup pro tvorbu vonn\u00e9 kompozice ONLINE: &nbsp; p\u0159e\u010dt\u011bte si pozorn\u011b p\u0159ilo\u017een\u00fd dotazn\u00edk na ot\u00e1zky odpov\u00eddejte dle Va\u0161eho sou\u010dasn\u00e9ho rozpolo\u017een\u00ed a zdravotn\u00edho stavu vypln\u011bn\u00fd dotazn\u00edk ode\u0161lete pomoc\u00ed tla\u010d\u00edtka &#8222;ODESLAT&#8220; do 2 pracovn\u00edch dn\u016f ode mne obdr\u017e\u00edte zpr\u00e1vu o v\u00fdb\u011bru v\u016fn\u00ed\u00a0 [&hellip;]<\/p>\n","protected":false},"author":1,"featured_media":6717,"parent":455,"menu_order":0,"comment_status":"closed","ping_status":"closed","template":"","meta":{"_et_pb_use_builder":"on","_et_pb_old_content":"<p><i>Informace v tomto dotazn\u00edku slou\u017e\u00ed k sestaven\u00ed osobn\u00ed v\u016fn\u011b a nebudou nikde sd\u00edleny nebo roz\u0161i\u0159ov\u00e1ny.<\/i><\/p><p><i>Tento dotazn\u00edk slou\u017e\u00ed pouze pro to, abych si mohla ud\u011blat lep\u0161\u00ed p\u0159edstavu o Va\u0161em zdrav\u00ed a sou\u010dasn\u00e9m stavu a na z\u00e1klad\u011b informac\u00ed, kter\u00e9 mi poskytnete, mohla pro V\u00e1s sestavit co nejvhodn\u011bj\u0161\u00ed vonnou kompozici.<\/i><\/p><p><i><strong>\u017d\u00e1dn\u00e1 ot\u00e1zka nen\u00ed povinn\u00e1 pro vypln\u011bn\u00ed, ale obecn\u011b plat\u00ed, \u017ee \u010d\u00edm v\u00edce informac\u00ed mi o sob\u011b poskytnete, t\u00edm p\u0159esn\u011bji mohu p\u0159ipravit v\u016fni p\u0159\u00edmo na m\u00edru,<\/strong> kter\u00e1 m\u016f\u017ee b\u00fdt n\u00e1sledn\u011b pou\u017eita jako terapeutick\u00fd prost\u0159edek p\u0159\u00edmo pro V\u00e1s osobn\u011b.<\/i><\/p><p><i>D\u011bkuji za Va\u0161i d\u016fv\u011bru!<\/i><\/p><p><i>Va\u0161e odpov\u011bdi na ot\u00e1zky pi\u0161te p\u0159\u00edmo do pol\u00ed\u010dka pod ot\u00e1zkou \u2193 a ode\u0161lete pomoc\u00ed\u00a0tla\u010d\u00edtka \"odeslat\". Va\u0161i osobn\u00ed v\u016fni sestav\u00edm \u0159\u00e1dov\u011b b\u011bhem 2 pracovn\u00edch dn\u016f a za\u0161lu V\u00e1m na V\u00e1mi uvedenou adresu.<\/i><\/p>","_et_gb_content_width":"","footnotes":""},"class_list":["post-6815","page","type-page","status-publish","has-post-thumbnail","hentry"],"yoast_head":"<!-- This site is optimized with the Yoast SEO plugin v27.5 - https:\/\/yoast.com\/product\/yoast-seo-wordpress\/ -->\n<title>Osobn\u00ed v\u016fn\u011b ONLINE - aromapflege.tirol<\/title>\n<meta name=\"robots\" content=\"index, follow, max-snippet:-1, max-image-preview:large, max-video-preview:-1\" \/>\n<link rel=\"canonical\" href=\"https:\/\/aromapflege.tirol\/cs\/co-nabizim\/osobni-vune\/online\/\" \/>\n<meta property=\"og:locale\" content=\"cs_CZ\" \/>\n<meta property=\"og:type\" content=\"article\" \/>\n<meta property=\"og:title\" content=\"Osobn\u00ed v\u016fn\u011b ONLINE - aromapflege.tirol\" \/>\n<meta property=\"og:description\" content=\"Nem\u016f\u017eeme se sej\u00edt osobn\u011b? Potkejme se tedy ONLINEOsobn\u00ed v\u016fni lze sestavit tak\u00e9 na z\u00e1klad\u011b V\u00e1mi poskytnut\u00fdch informac\u00ed.Postup pro tvorbu vonn\u00e9 kompozice ONLINE: &nbsp; p\u0159e\u010dt\u011bte si pozorn\u011b p\u0159ilo\u017een\u00fd dotazn\u00edk na ot\u00e1zky odpov\u00eddejte dle Va\u0161eho sou\u010dasn\u00e9ho rozpolo\u017een\u00ed a zdravotn\u00edho stavu vypln\u011bn\u00fd dotazn\u00edk ode\u0161lete pomoc\u00ed tla\u010d\u00edtka &quot;ODESLAT&quot; do 2 pracovn\u00edch dn\u016f ode mne obdr\u017e\u00edte zpr\u00e1vu o v\u00fdb\u011bru v\u016fn\u00ed\u00a0 [&hellip;]\" \/>\n<meta property=\"og:url\" content=\"https:\/\/aromapflege.tirol\/cs\/co-nabizim\/osobni-vune\/online\/\" \/>\n<meta property=\"og:site_name\" content=\"aromapflege.tirol\" \/>\n<meta property=\"article:modified_time\" content=\"2021-04-30T07:55:05+00:00\" \/>\n<meta property=\"og:image\" content=\"https:\/\/aromapflege.tirol\/wp-content\/uploads\/2021\/04\/skleneny-flakon-na-parfem-18-2-e1617397092660.jpg\" \/>\n\t<meta property=\"og:image:width\" content=\"600\" \/>\n\t<meta property=\"og:image:height\" content=\"450\" \/>\n\t<meta property=\"og:image:type\" content=\"image\/jpeg\" \/>\n<meta name=\"twitter:card\" content=\"summary_large_image\" \/>\n<meta name=\"twitter:label1\" content=\"Odhadovan\u00e1 doba \u010dten\u00ed\" \/>\n\t<meta name=\"twitter:data1\" content=\"9 minut\" \/>\n<script type=\"application\/ld+json\" class=\"yoast-schema-graph\">{\"@context\":\"https:\\\/\\\/schema.org\",\"@graph\":[{\"@type\":\"WebPage\",\"@id\":\"https:\\\/\\\/aromapflege.tirol\\\/cs\\\/co-nabizim\\\/osobni-vune\\\/online\\\/\",\"url\":\"https:\\\/\\\/aromapflege.tirol\\\/cs\\\/co-nabizim\\\/osobni-vune\\\/online\\\/\",\"name\":\"Osobn\u00ed v\u016fn\u011b ONLINE - aromapflege.tirol\",\"isPartOf\":{\"@id\":\"https:\\\/\\\/aromapflege.tirol\\\/cs\\\/#website\"},\"primaryImageOfPage\":{\"@id\":\"https:\\\/\\\/aromapflege.tirol\\\/cs\\\/co-nabizim\\\/osobni-vune\\\/online\\\/#primaryimage\"},\"image\":{\"@id\":\"https:\\\/\\\/aromapflege.tirol\\\/cs\\\/co-nabizim\\\/osobni-vune\\\/online\\\/#primaryimage\"},\"thumbnailUrl\":\"https:\\\/\\\/aromapflege.tirol\\\/wp-content\\\/uploads\\\/2021\\\/04\\\/skleneny-flakon-na-parfem-18-2-e1617397092660.jpg\",\"datePublished\":\"2021-04-04T15:35:20+00:00\",\"dateModified\":\"2021-04-30T07:55:05+00:00\",\"breadcrumb\":{\"@id\":\"https:\\\/\\\/aromapflege.tirol\\\/cs\\\/co-nabizim\\\/osobni-vune\\\/online\\\/#breadcrumb\"},\"inLanguage\":\"cs\",\"potentialAction\":[{\"@type\":\"ReadAction\",\"target\":[\"https:\\\/\\\/aromapflege.tirol\\\/cs\\\/co-nabizim\\\/osobni-vune\\\/online\\\/\"]}]},{\"@type\":\"ImageObject\",\"inLanguage\":\"cs\",\"@id\":\"https:\\\/\\\/aromapflege.tirol\\\/cs\\\/co-nabizim\\\/osobni-vune\\\/online\\\/#primaryimage\",\"url\":\"https:\\\/\\\/aromapflege.tirol\\\/wp-content\\\/uploads\\\/2021\\\/04\\\/skleneny-flakon-na-parfem-18-2-e1617397092660.jpg\",\"contentUrl\":\"https:\\\/\\\/aromapflege.tirol\\\/wp-content\\\/uploads\\\/2021\\\/04\\\/skleneny-flakon-na-parfem-18-2-e1617397092660.jpg\",\"width\":600,\"height\":450},{\"@type\":\"BreadcrumbList\",\"@id\":\"https:\\\/\\\/aromapflege.tirol\\\/cs\\\/co-nabizim\\\/osobni-vune\\\/online\\\/#breadcrumb\",\"itemListElement\":[{\"@type\":\"ListItem\",\"position\":1,\"name\":\"Dom\u016f\",\"item\":\"https:\\\/\\\/aromapflege.tirol\\\/cs\\\/\"},{\"@type\":\"ListItem\",\"position\":2,\"name\":\"Nab\u00edz\u00edm\",\"item\":\"https:\\\/\\\/aromapflege.tirol\\\/cs\\\/co-nabizim\\\/\"},{\"@type\":\"ListItem\",\"position\":3,\"name\":\"Vonn\u00e1 kompozice\",\"item\":\"https:\\\/\\\/aromapflege.tirol\\\/cs\\\/co-nabizim\\\/osobni-vune\\\/\"},{\"@type\":\"ListItem\",\"position\":4,\"name\":\"Osobn\u00ed v\u016fn\u011b ONLINE\"}]},{\"@type\":\"WebSite\",\"@id\":\"https:\\\/\\\/aromapflege.tirol\\\/cs\\\/#website\",\"url\":\"https:\\\/\\\/aromapflege.tirol\\\/cs\\\/\",\"name\":\"aromapflege.tirol\",\"description\":\"Kr\u00e4uterkunde\\\/Aromaterapie, bylinky, zdrav\u00fd \u017eivotn\u00ed styl\",\"publisher\":{\"@id\":\"https:\\\/\\\/aromapflege.tirol\\\/cs\\\/#\\\/schema\\\/person\\\/bac5e755ac463f6bca2cd1c449700ba5\"},\"potentialAction\":[{\"@type\":\"SearchAction\",\"target\":{\"@type\":\"EntryPoint\",\"urlTemplate\":\"https:\\\/\\\/aromapflege.tirol\\\/cs\\\/?s={search_term_string}\"},\"query-input\":{\"@type\":\"PropertyValueSpecification\",\"valueRequired\":true,\"valueName\":\"search_term_string\"}}],\"inLanguage\":\"cs\"},{\"@type\":[\"Person\",\"Organization\"],\"@id\":\"https:\\\/\\\/aromapflege.tirol\\\/cs\\\/#\\\/schema\\\/person\\\/bac5e755ac463f6bca2cd1c449700ba5\",\"name\":\"Veronika\",\"image\":{\"@type\":\"ImageObject\",\"inLanguage\":\"cs\",\"@id\":\"https:\\\/\\\/aromapflege.tirol\\\/wp-content\\\/uploads\\\/2020\\\/11\\\/NemcovaLogo2.png\",\"url\":\"https:\\\/\\\/aromapflege.tirol\\\/wp-content\\\/uploads\\\/2020\\\/11\\\/NemcovaLogo2.png\",\"contentUrl\":\"https:\\\/\\\/aromapflege.tirol\\\/wp-content\\\/uploads\\\/2020\\\/11\\\/NemcovaLogo2.png\",\"width\":1916,\"height\":1229,\"caption\":\"Veronika\"},\"logo\":{\"@id\":\"https:\\\/\\\/aromapflege.tirol\\\/wp-content\\\/uploads\\\/2020\\\/11\\\/NemcovaLogo2.png\"}}]}<\/script>\n<!-- \/ Yoast SEO plugin. -->","yoast_head_json":{"title":"Osobn\u00ed v\u016fn\u011b ONLINE - aromapflege.tirol","robots":{"index":"index","follow":"follow","max-snippet":"max-snippet:-1","max-image-preview":"max-image-preview:large","max-video-preview":"max-video-preview:-1"},"canonical":"https:\/\/aromapflege.tirol\/cs\/co-nabizim\/osobni-vune\/online\/","og_locale":"cs_CZ","og_type":"article","og_title":"Osobn\u00ed v\u016fn\u011b ONLINE - aromapflege.tirol","og_description":"Nem\u016f\u017eeme se sej\u00edt osobn\u011b? Potkejme se tedy ONLINEOsobn\u00ed v\u016fni lze sestavit tak\u00e9 na z\u00e1klad\u011b V\u00e1mi poskytnut\u00fdch informac\u00ed.Postup pro tvorbu vonn\u00e9 kompozice ONLINE: &nbsp; p\u0159e\u010dt\u011bte si pozorn\u011b p\u0159ilo\u017een\u00fd dotazn\u00edk na ot\u00e1zky odpov\u00eddejte dle Va\u0161eho sou\u010dasn\u00e9ho rozpolo\u017een\u00ed a zdravotn\u00edho stavu vypln\u011bn\u00fd dotazn\u00edk ode\u0161lete pomoc\u00ed tla\u010d\u00edtka \"ODESLAT\" do 2 pracovn\u00edch dn\u016f ode mne obdr\u017e\u00edte zpr\u00e1vu o v\u00fdb\u011bru v\u016fn\u00ed\u00a0 [&hellip;]","og_url":"https:\/\/aromapflege.tirol\/cs\/co-nabizim\/osobni-vune\/online\/","og_site_name":"aromapflege.tirol","article_modified_time":"2021-04-30T07:55:05+00:00","og_image":[{"width":600,"height":450,"url":"https:\/\/aromapflege.tirol\/wp-content\/uploads\/2021\/04\/skleneny-flakon-na-parfem-18-2-e1617397092660.jpg","type":"image\/jpeg"}],"twitter_card":"summary_large_image","twitter_misc":{"Odhadovan\u00e1 doba \u010dten\u00ed":"9 minut"},"schema":{"@context":"https:\/\/schema.org","@graph":[{"@type":"WebPage","@id":"https:\/\/aromapflege.tirol\/cs\/co-nabizim\/osobni-vune\/online\/","url":"https:\/\/aromapflege.tirol\/cs\/co-nabizim\/osobni-vune\/online\/","name":"Osobn\u00ed v\u016fn\u011b ONLINE - aromapflege.tirol","isPartOf":{"@id":"https:\/\/aromapflege.tirol\/cs\/#website"},"primaryImageOfPage":{"@id":"https:\/\/aromapflege.tirol\/cs\/co-nabizim\/osobni-vune\/online\/#primaryimage"},"image":{"@id":"https:\/\/aromapflege.tirol\/cs\/co-nabizim\/osobni-vune\/online\/#primaryimage"},"thumbnailUrl":"https:\/\/aromapflege.tirol\/wp-content\/uploads\/2021\/04\/skleneny-flakon-na-parfem-18-2-e1617397092660.jpg","datePublished":"2021-04-04T15:35:20+00:00","dateModified":"2021-04-30T07:55:05+00:00","breadcrumb":{"@id":"https:\/\/aromapflege.tirol\/cs\/co-nabizim\/osobni-vune\/online\/#breadcrumb"},"inLanguage":"cs","potentialAction":[{"@type":"ReadAction","target":["https:\/\/aromapflege.tirol\/cs\/co-nabizim\/osobni-vune\/online\/"]}]},{"@type":"ImageObject","inLanguage":"cs","@id":"https:\/\/aromapflege.tirol\/cs\/co-nabizim\/osobni-vune\/online\/#primaryimage","url":"https:\/\/aromapflege.tirol\/wp-content\/uploads\/2021\/04\/skleneny-flakon-na-parfem-18-2-e1617397092660.jpg","contentUrl":"https:\/\/aromapflege.tirol\/wp-content\/uploads\/2021\/04\/skleneny-flakon-na-parfem-18-2-e1617397092660.jpg","width":600,"height":450},{"@type":"BreadcrumbList","@id":"https:\/\/aromapflege.tirol\/cs\/co-nabizim\/osobni-vune\/online\/#breadcrumb","itemListElement":[{"@type":"ListItem","position":1,"name":"Dom\u016f","item":"https:\/\/aromapflege.tirol\/cs\/"},{"@type":"ListItem","position":2,"name":"Nab\u00edz\u00edm","item":"https:\/\/aromapflege.tirol\/cs\/co-nabizim\/"},{"@type":"ListItem","position":3,"name":"Vonn\u00e1 kompozice","item":"https:\/\/aromapflege.tirol\/cs\/co-nabizim\/osobni-vune\/"},{"@type":"ListItem","position":4,"name":"Osobn\u00ed v\u016fn\u011b ONLINE"}]},{"@type":"WebSite","@id":"https:\/\/aromapflege.tirol\/cs\/#website","url":"https:\/\/aromapflege.tirol\/cs\/","name":"aromapflege.tirol","description":"Kr\u00e4uterkunde\/Aromaterapie, bylinky, zdrav\u00fd \u017eivotn\u00ed styl","publisher":{"@id":"https:\/\/aromapflege.tirol\/cs\/#\/schema\/person\/bac5e755ac463f6bca2cd1c449700ba5"},"potentialAction":[{"@type":"SearchAction","target":{"@type":"EntryPoint","urlTemplate":"https:\/\/aromapflege.tirol\/cs\/?s={search_term_string}"},"query-input":{"@type":"PropertyValueSpecification","valueRequired":true,"valueName":"search_term_string"}}],"inLanguage":"cs"},{"@type":["Person","Organization"],"@id":"https:\/\/aromapflege.tirol\/cs\/#\/schema\/person\/bac5e755ac463f6bca2cd1c449700ba5","name":"Veronika","image":{"@type":"ImageObject","inLanguage":"cs","@id":"https:\/\/aromapflege.tirol\/wp-content\/uploads\/2020\/11\/NemcovaLogo2.png","url":"https:\/\/aromapflege.tirol\/wp-content\/uploads\/2020\/11\/NemcovaLogo2.png","contentUrl":"https:\/\/aromapflege.tirol\/wp-content\/uploads\/2020\/11\/NemcovaLogo2.png","width":1916,"height":1229,"caption":"Veronika"},"logo":{"@id":"https:\/\/aromapflege.tirol\/wp-content\/uploads\/2020\/11\/NemcovaLogo2.png"}}]}},"_links":{"self":[{"href":"https:\/\/aromapflege.tirol\/cs\/wp-json\/wp\/v2\/pages\/6815","targetHints":{"allow":["GET"]}}],"collection":[{"href":"https:\/\/aromapflege.tirol\/cs\/wp-json\/wp\/v2\/pages"}],"about":[{"href":"https:\/\/aromapflege.tirol\/cs\/wp-json\/wp\/v2\/types\/page"}],"author":[{"embeddable":true,"href":"https:\/\/aromapflege.tirol\/cs\/wp-json\/wp\/v2\/users\/1"}],"replies":[{"embeddable":true,"href":"https:\/\/aromapflege.tirol\/cs\/wp-json\/wp\/v2\/comments?post=6815"}],"version-history":[{"count":27,"href":"https:\/\/aromapflege.tirol\/cs\/wp-json\/wp\/v2\/pages\/6815\/revisions"}],"predecessor-version":[{"id":7936,"href":"https:\/\/aromapflege.tirol\/cs\/wp-json\/wp\/v2\/pages\/6815\/revisions\/7936"}],"up":[{"embeddable":true,"href":"https:\/\/aromapflege.tirol\/cs\/wp-json\/wp\/v2\/pages\/455"}],"wp:featuredmedia":[{"embeddable":true,"href":"https:\/\/aromapflege.tirol\/cs\/wp-json\/wp\/v2\/media\/6717"}],"wp:attachment":[{"href":"https:\/\/aromapflege.tirol\/cs\/wp-json\/wp\/v2\/media?parent=6815"}],"curies":[{"name":"wp","href":"https:\/\/api.w.org\/{rel}","templated":true}]}}