{"id":13,"date":"2020-11-17T09:17:22","date_gmt":"2020-11-17T08:17:22","guid":{"rendered":"https:\/\/aromapflege.tirol\/?page_id=13"},"modified":"2025-02-10T10:41:39","modified_gmt":"2025-02-10T09:41:39","slug":"kontakt","status":"publish","type":"page","link":"https:\/\/aromapflege.tirol\/cs\/kontakt\/","title":{"rendered":"Kontakt"},"content":{"rendered":"<p>[et_pb_section fb_built=&#8220;1&#8243; use_custom_gutter=&#8220;on&#8220; specialty=&#8220;on&#8220; bg_img_2=&#8220;https:\/\/aromapflege.tirol\/wp-content\/uploads\/2021\/01\/19441884_1960825927537465_3089373707171304133_o-1030&#215;773-1.jpg&#8220; use_background_color_gradient_2=&#8220;off&#8220; background_color_gradient_stops_2=&#8220;rgba(29,38,0,0.8) 0%|rgba(29,38,0,0.6) 100%&#8220; background_color_gradient_start_2=&#8220;rgba(29,38,0,0.8)&#8220; background_color_gradient_end_2=&#8220;rgba(29,38,0,0.6)&#8220; background_color_gradient_overlays_image_2=&#8220;on&#8220; padding_top_1=&#8220;6vw&#8220; padding_right_1=&#8220;4vw&#8220; padding_left_1=&#8220;8vw&#8220; padding_top_bottom_link_1=&#8220;false&#8220; padding_left_right_link_1=&#8220;false&#8220; padding_1_tablet=&#8220;|10%||10%||true&#8220; padding_1_phone=&#8220;&#8220; padding_1_last_edited=&#8220;on|desktop&#8220; admin_label=&#8220;Header&#8220; _builder_version=&#8220;4.16&#8243; inner_width=&#8220;100%&#8220; inner_max_width=&#8220;100%&#8220; custom_padding=&#8220;0|0px|0|0px|false|false&#8220; use_custom_width=&#8220;on&#8220; width_unit=&#8220;off&#8220; custom_width_percent=&#8220;100%&#8220; saved_tabs=&#8220;all&#8220; global_colors_info=&#8220;{}&#8220; background_color_gradient_stops_tablet_2=&#8220;rgba(29,38,0,0.8) 0%|rgba(29,38,0,0.6) 100%&#8220; background_color_gradient_stops_phone_2=&#8220;rgba(29,38,0,0.8) 0%|rgba(29,38,0,0.6) 100%&#8220; background_color_gradient_stops__hover_2=&#8220;rgba(29,38,0,0.8) 0%|rgba(29,38,0,0.6) 100%&#8220; background_color_gradient_stops__sticky_2=&#8220;rgba(29,38,0,0.8) 0%|rgba(29,38,0,0.6) 100%&#8220; da_is_popup=&#8220;off&#8220; da_exit_intent=&#8220;off&#8220; da_has_close=&#8220;on&#8220; da_alt_close=&#8220;off&#8220; da_dark_close=&#8220;off&#8220; da_not_modal=&#8220;on&#8220; da_is_singular=&#8220;off&#8220; da_with_loader=&#8220;off&#8220; da_has_shadow=&#8220;on&#8220; da_disable_devices=&#8220;off|off|off&#8220;][et_pb_column type=&#8220;1_2&#8243; _builder_version=&#8220;4.16&#8243; custom_padding=&#8220;|||&#8220; global_colors_info=&#8220;{}&#8220; padding_tablet=&#8220;|10%||10%||true&#8220; padding_last_edited=&#8220;on|desktop&#8220; custom_padding__hover=&#8220;|||&#8220; padding_phone=&#8220;|10%||10%||true&#8220;][et_pb_text _builder_version=&#8220;4.16&#8243; _module_preset=&#8220;default&#8220; global_colors_info=&#8220;{}&#8220;]<\/p>\n<h1 style=\"text-align: center;\"><strong>Napi\u0161te mi<\/strong><\/h1>\n<h3 style=\"text-align: center;\"><em>A j\u00e1 V\u00e1m odpov\u00edm<\/em><\/h3>\n<p>[\/et_pb_text][et_pb_divider _builder_version=&#8220;4.16&#8243; _module_preset=&#8220;default&#8220; width=&#8220;50px&#8220; module_alignment=&#8220;center&#8220; global_colors_info=&#8220;{}&#8220;][\/et_pb_divider][et_pb_text _builder_version=&#8220;4.16&#8243; text_font=&#8220;||||||||&#8220; text_font_size=&#8220;18px&#8220; header_font=&#8220;Cormorant Garamond|600|||||||&#8220; custom_margin=&#8220;|||&#8220; text_font_size_tablet=&#8220;&#8220; text_font_size_phone=&#8220;16px&#8220; text_font_size_last_edited=&#8220;on|phone&#8220; header_font_size_tablet=&#8220;50px&#8220; header_font_size_phone=&#8220;30px&#8220; header_font_size_last_edited=&#8220;on|phone&#8220; locked=&#8220;off&#8220; global_colors_info=&#8220;{}&#8220;]<\/p>\n<p style=\"text-align: center;\">V\u011bt\u0161inu roku \u017eiji v rakousk\u00fdch Alp\u00e1ch, v mal\u00e9 horsk\u00e9 vesnici. Ale pohybuji se tak\u00e9 v \u010cesku a na Slovensku. \u00a0V\u017edy r\u00e1da zav\u00edt\u00e1m na rodnou ji\u017en\u00ed Moravu, vyu\u010duji v Praze i v jin\u00fdch kraj\u00edch. Setkat se tedy m\u016f\u017eeme tam a nebo tam.<\/p>\n<p style=\"text-align: center;\"><strong>Pokud nejsem zrovna v lese a nebo nesb\u00edr\u00e1m bylinky, V\u00e1\u0161 email obdr\u017e\u00edm kdekoliv budu m\u00edt sign\u00e1l.<\/strong><\/p>\n<p>[\/et_pb_text][et_pb_contact_form captcha=&#8220;off&#8220; module_id=&#8220;et_pb_contact_form_0&#8243; _builder_version=&#8220;4.23.3&#8243; _unique_id=&#8220;f74f8c92-8c4b-43ed-9d50-5309c4b7cb60&#8243; form_field_background_color=&#8220;#d6d6d6&#8243; form_field_text_color=&#8220;#560036&#8243; title_level=&#8220;h5&#8243; title_font=&#8220;|700||on|||||&#8220; title_font_size=&#8220;20px&#8220; title_line_height=&#8220;1.5em&#8220; form_field_font=&#8220;|600||on|||||&#8220; background_color=&#8220;rgba(0,0,0,0)&#8220; custom_button=&#8220;on&#8220; button_text_size=&#8220;16px&#8220; button_text_color=&#8220;#00570a&#8220; button_border_width=&#8220;0px&#8220; button_border_radius=&#8220;0px&#8220; button_font=&#8220;|700||on|||||&#8220; button_icon=&#8220;&#x24;||divi||400&#8243; button_on_hover=&#8220;off&#8220; custom_margin=&#8220;20px||-5px||false|false&#8220; hover_enabled=&#8220;0&#8243; locked=&#8220;off&#8220; global_colors_info=&#8220;{}&#8220; email=&#8220;vondrus@gmail.com&#8220; sticky_enabled=&#8220;0&#8243;][et_pb_contact_field field_id=&#8220;Name&#8220; field_title=&#8220;jm\u00e9no&#8220; fullwidth_field=&#8220;on&#8220; _builder_version=&#8220;4.16&#8243; border_radii=&#8220;on|3px|3px|3px|3px&#8220; global_colors_info=&#8220;{}&#8220; button_text_size__hover_enabled=&#8220;off&#8220; button_one_text_size__hover_enabled=&#8220;off&#8220; button_two_text_size__hover_enabled=&#8220;off&#8220; button_text_color__hover_enabled=&#8220;off&#8220; button_one_text_color__hover_enabled=&#8220;off&#8220; button_two_text_color__hover_enabled=&#8220;off&#8220; button_border_width__hover_enabled=&#8220;off&#8220; button_one_border_width__hover_enabled=&#8220;off&#8220; button_two_border_width__hover_enabled=&#8220;off&#8220; button_border_color__hover_enabled=&#8220;off&#8220; button_one_border_color__hover_enabled=&#8220;off&#8220; button_two_border_color__hover_enabled=&#8220;off&#8220; button_border_radius__hover_enabled=&#8220;off&#8220; button_one_border_radius__hover_enabled=&#8220;off&#8220; button_two_border_radius__hover_enabled=&#8220;off&#8220; button_letter_spacing__hover_enabled=&#8220;off&#8220; button_one_letter_spacing__hover_enabled=&#8220;off&#8220; button_two_letter_spacing__hover_enabled=&#8220;off&#8220; button_bg_color__hover_enabled=&#8220;off&#8220; button_one_bg_color__hover_enabled=&#8220;off&#8220; button_two_bg_color__hover_enabled=&#8220;off&#8220;][\/et_pb_contact_field][et_pb_contact_field field_id=&#8220;Email&#8220; field_title=&#8220;Emailov\u00e1 adresa&#8220; field_type=&#8220;email&#8220; fullwidth_field=&#8220;on&#8220; _builder_version=&#8220;4.16&#8243; border_radii=&#8220;on|3px|3px|3px|3px&#8220; global_colors_info=&#8220;{}&#8220; button_text_size__hover_enabled=&#8220;off&#8220; button_one_text_size__hover_enabled=&#8220;off&#8220; button_two_text_size__hover_enabled=&#8220;off&#8220; button_text_color__hover_enabled=&#8220;off&#8220; button_one_text_color__hover_enabled=&#8220;off&#8220; button_two_text_color__hover_enabled=&#8220;off&#8220; button_border_width__hover_enabled=&#8220;off&#8220; button_one_border_width__hover_enabled=&#8220;off&#8220; button_two_border_width__hover_enabled=&#8220;off&#8220; button_border_color__hover_enabled=&#8220;off&#8220; button_one_border_color__hover_enabled=&#8220;off&#8220; button_two_border_color__hover_enabled=&#8220;off&#8220; button_border_radius__hover_enabled=&#8220;off&#8220; button_one_border_radius__hover_enabled=&#8220;off&#8220; button_two_border_radius__hover_enabled=&#8220;off&#8220; button_letter_spacing__hover_enabled=&#8220;off&#8220; button_one_letter_spacing__hover_enabled=&#8220;off&#8220; button_two_letter_spacing__hover_enabled=&#8220;off&#8220; button_bg_color__hover_enabled=&#8220;off&#8220; button_one_bg_color__hover_enabled=&#8220;off&#8220; button_two_bg_color__hover_enabled=&#8220;off&#8220;][\/et_pb_contact_field][et_pb_contact_field field_id=&#8220;Message&#8220; field_title=&#8220;Zpr\u00e1va&#8220; field_type=&#8220;text&#8220; fullwidth_field=&#8220;on&#8220; _builder_version=&#8220;4.16&#8243; border_radii=&#8220;on|3px|3px|3px|3px&#8220; global_colors_info=&#8220;{}&#8220; button_text_size__hover_enabled=&#8220;off&#8220; button_one_text_size__hover_enabled=&#8220;off&#8220; button_two_text_size__hover_enabled=&#8220;off&#8220; button_text_color__hover_enabled=&#8220;off&#8220; button_one_text_color__hover_enabled=&#8220;off&#8220; button_two_text_color__hover_enabled=&#8220;off&#8220; button_border_width__hover_enabled=&#8220;off&#8220; button_one_border_width__hover_enabled=&#8220;off&#8220; button_two_border_width__hover_enabled=&#8220;off&#8220; button_border_color__hover_enabled=&#8220;off&#8220; button_one_border_color__hover_enabled=&#8220;off&#8220; button_two_border_color__hover_enabled=&#8220;off&#8220; button_border_radius__hover_enabled=&#8220;off&#8220; button_one_border_radius__hover_enabled=&#8220;off&#8220; button_two_border_radius__hover_enabled=&#8220;off&#8220; button_letter_spacing__hover_enabled=&#8220;off&#8220; button_one_letter_spacing__hover_enabled=&#8220;off&#8220; button_two_letter_spacing__hover_enabled=&#8220;off&#8220; button_bg_color__hover_enabled=&#8220;off&#8220; button_one_bg_color__hover_enabled=&#8220;off&#8220; button_two_bg_color__hover_enabled=&#8220;off&#8220;][\/et_pb_contact_field][\/et_pb_contact_form][et_pb_text _builder_version=&#8220;4.16&#8243; _module_preset=&#8220;default&#8220; global_colors_info=&#8220;{}&#8220;]<\/p>\n<ul>\n<li><span><strong><a href=\"https:\/\/aromapflege.tirol\/?page_id=3&amp;preview=true\" target=\"_blank\" rel=\"noopener noreferrer\">Z\u00e1sady ochrany osobn\u00edch \u00fadaj\u016f<\/a><\/strong><\/span><\/li>\n<\/ul>\n<p>[\/et_pb_text][\/et_pb_column][et_pb_column type=&#8220;1_2&#8243; specialty_columns=&#8220;2&#8243; _builder_version=&#8220;4.16&#8243; use_background_color_gradient=&#8220;on&#8220; background_color_gradient_stops=&#8220;rgba(29,38,0,0.8) 0%|rgba(29,38,0,0.6) 100%&#8220; background_color_gradient_overlays_image=&#8220;on&#8220; background_color_gradient_start=&#8220;rgba(29,38,0,0.8)&#8220; background_color_gradient_end=&#8220;rgba(29,38,0,0.6)&#8220; custom_padding=&#8220;|||&#8220; global_colors_info=&#8220;{}&#8220; custom_padding__hover=&#8220;|||&#8220;][et_pb_row_inner column_structure=&#8220;1_2,1_2&#8243; use_custom_gutter=&#8220;on&#8220; gutter_width=&#8220;1&#8243; make_equal=&#8220;on&#8220; padding_top_bottom_link_1=&#8220;true&#8220; padding_left_right_link_1=&#8220;true&#8220; _builder_version=&#8220;4.16&#8243; module_alignment=&#8220;center&#8220; custom_margin=&#8220;70px||40px||false|false&#8220; custom_padding=&#8220;0|0px|0|0px|false|false&#8220; animation_style=&#8220;slide&#8220; animation_direction=&#8220;bottom&#8220; animation_intensity_slide=&#8220;2%&#8220; global_colors_info=&#8220;{}&#8220;][et_pb_column_inner type=&#8220;1_2&#8243; saved_specialty_column_type=&#8220;1_2&#8243; _builder_version=&#8220;4.16&#8243; background_color=&#8220;#577c00&#8243; custom_padding=&#8220;43px|30px|43px|30px|true|true&#8220; border_radii=&#8220;on|3px|3px|3px|3px&#8220; global_colors_info=&#8220;{}&#8220; custom_padding__hover=&#8220;|||&#8220;][et_pb_text _builder_version=&#8220;4.16&#8243; text_font=&#8220;||||||||&#8220; ul_font=&#8220;||||||||&#8220; ol_font=&#8220;||||||||&#8220; header_font=&#8220;||||||||&#8220; header_2_font=&#8220;||||||||&#8220; header_3_font=&#8220;||||||||&#8220; header_4_font=&#8220;|700||on|||||&#8220; header_4_font_size=&#8220;14px&#8220; header_4_letter_spacing=&#8220;1px&#8220; header_4_line_height=&#8220;1.5em&#8220; header_5_font=&#8220;||||||||&#8220; header_6_font=&#8220;||||||||&#8220; background_layout=&#8220;dark&#8220; locked=&#8220;off&#8220; global_colors_info=&#8220;{}&#8220;]<\/p>\n<h4>kontakt<\/h4>\n<h4><\/h4>\n<p>[\/et_pb_text][et_pb_blurb title=&#8220;+43 664 4818533&#8243; use_icon=&#8220;on&#8220; font_icon=&#8220;&#xe090;||divi||400&#8243; icon_color=&#8220;#ffffff&#8220; icon_placement=&#8220;left&#8220; image_icon_width=&#8220;20px&#8220; _builder_version=&#8220;4.16&#8243; header_font=&#8220;Open Sans Condensed|||on|||||&#8220; header_font_size=&#8220;23px&#8220; header_letter_spacing=&#8220;2px&#8220; header_line_height=&#8220;1.8em&#8220; body_font=&#8220;||||||||&#8220; background_layout=&#8220;dark&#8220; custom_margin=&#8220;20px|||&#8220; animation=&#8220;off&#8220; icon_font_size=&#8220;20px&#8220; locked=&#8220;off&#8220; global_colors_info=&#8220;{}&#8220;][\/et_pb_blurb][et_pb_blurb title=&#8220;vondrus@gmail.com&#8220; use_icon=&#8220;on&#8220; font_icon=&#8220;&#xe076;||divi||400&#8243; icon_color=&#8220;#ffffff&#8220; icon_placement=&#8220;left&#8220; image_icon_width=&#8220;20px&#8220; _builder_version=&#8220;4.16&#8243; header_font=&#8220;Open Sans Condensed|700||on|||||&#8220; header_font_size=&#8220;13px&#8220; header_letter_spacing=&#8220;2px&#8220; header_line_height=&#8220;1.8em&#8220; body_font=&#8220;||||||||&#8220; background_layout=&#8220;dark&#8220; custom_margin=&#8220;20px|||&#8220; animation=&#8220;off&#8220; icon_font_size=&#8220;20px&#8220; locked=&#8220;off&#8220; global_colors_info=&#8220;{}&#8220;][\/et_pb_blurb][et_pb_blurb title=&#8220;Dorfplatz 43, A-6563 Galt\u00fcr&#8220; use_icon=&#8220;on&#8220; font_icon=&#8220;&#xe081;||divi||400&#8243; icon_color=&#8220;#ffffff&#8220; icon_placement=&#8220;left&#8220; image_icon_width=&#8220;20px&#8220; _builder_version=&#8220;4.16&#8243; header_font=&#8220;Open Sans Condensed|700||on|||||&#8220; header_font_size=&#8220;13px&#8220; header_letter_spacing=&#8220;2px&#8220; header_line_height=&#8220;1.8em&#8220; body_font=&#8220;||||||||&#8220; background_layout=&#8220;dark&#8220; custom_margin=&#8220;20px|||&#8220; animation=&#8220;off&#8220; icon_font_size=&#8220;20px&#8220; locked=&#8220;off&#8220; global_colors_info=&#8220;{}&#8220;][\/et_pb_blurb][et_pb_code _builder_version=&#8220;4.16&#8243; _module_preset=&#8220;default&#8220; custom_margin=&#8220;14px|-21px|-42px|-21px|false|false&#8220; custom_padding=&#8220;0px||0px|0px|false|false&#8220; border_radii=&#8220;on|3px|3px|3px|3px&#8220; global_colors_info=&#8220;{}&#8220;]<iframe loading=\"lazy\" src=\"https:\/\/www.google.com\/maps\/embed?pb=!1m18!1m12!1m3!1d2722.6518330673093!2d10.186371279170087!3d46.9685303319739!2m3!1f0!2f0!3f0!3m2!1i1024!2i768!4f13.1!3m3!1m2!1s0x47834d65a5b11a63%3A0x653bf9260efa782b!2zR2FsdMO8ciA0MywgNjU2MyBHYWx0w7xy!5e0!3m2!1sde!2sat!4v1606985594152!5m2!1sde!2sat\" width=\"100%\" height=\"300\" frameborder=\"0\" style=\"border:0;\" allowfullscreen=\"\" aria-hidden=\"false\" tabindex=\"0\"><\/iframe>[\/et_pb_code][\/et_pb_column_inner][et_pb_column_inner type=&#8220;1_2&#8243; saved_specialty_column_type=&#8220;1_2&#8243; _builder_version=&#8220;4.16&#8243; custom_padding=&#8220;|||&#8220; global_colors_info=&#8220;{}&#8220; custom_padding__hover=&#8220;|||&#8220;][\/et_pb_column_inner][\/et_pb_row_inner][\/et_pb_column][\/et_pb_section][et_pb_section fb_built=&#8220;1&#8243; _builder_version=&#8220;4.16&#8243; _module_preset=&#8220;default&#8220; min_height=&#8220;100%&#8220; global_colors_info=&#8220;{}&#8220; da_is_popup=&#8220;off&#8220; da_exit_intent=&#8220;off&#8220; da_has_close=&#8220;on&#8220; da_alt_close=&#8220;off&#8220; da_dark_close=&#8220;off&#8220; da_not_modal=&#8220;on&#8220; da_is_singular=&#8220;off&#8220; da_with_loader=&#8220;off&#8220; da_has_shadow=&#8220;on&#8220; da_disable_devices=&#8220;off|off|off&#8220;][et_pb_row _builder_version=&#8220;4.16&#8243; _module_preset=&#8220;default&#8220; width=&#8220;100%&#8220; global_colors_info=&#8220;{}&#8220;][et_pb_column type=&#8220;4_4&#8243; _builder_version=&#8220;4.16&#8243; _module_preset=&#8220;default&#8220; global_colors_info=&#8220;{}&#8220;][et_pb_divider _builder_version=&#8220;4.16&#8243; _module_preset=&#8220;default&#8220; width=&#8220;100%&#8220; global_colors_info=&#8220;{}&#8220;][\/et_pb_divider][\/et_pb_column][\/et_pb_row][\/et_pb_section][et_pb_section fb_built=&#8220;1&#8243; _builder_version=&#8220;4.16&#8243; _module_preset=&#8220;default&#8220; saved_tabs=&#8220;all&#8220; global_colors_info=&#8220;{}&#8220; da_is_popup=&#8220;off&#8220; da_exit_intent=&#8220;off&#8220; da_has_close=&#8220;on&#8220; da_alt_close=&#8220;off&#8220; da_dark_close=&#8220;off&#8220; da_not_modal=&#8220;on&#8220; da_is_singular=&#8220;off&#8220; da_with_loader=&#8220;off&#8220; da_has_shadow=&#8220;on&#8220; da_disable_devices=&#8220;off|off|off&#8220;][et_pb_row column_structure=&#8220;1_2,1_2&#8243; use_custom_gutter=&#8220;on&#8220; make_equal=&#8220;on&#8220; _builder_version=&#8220;4.16&#8243; _module_preset=&#8220;default&#8220; width=&#8220;100%&#8220; global_colors_info=&#8220;{}&#8220;][et_pb_column type=&#8220;1_2&#8243; _builder_version=&#8220;4.16&#8243; _module_preset=&#8220;default&#8220; global_colors_info=&#8220;{}&#8220;][et_pb_text _builder_version=&#8220;4.16&#8243; _module_preset=&#8220;default&#8220; global_colors_info=&#8220;{}&#8220;]<\/p>\n<h4 style=\"text-align: center;\"><em>Kontaktujte mne kdykoliv<\/em><\/h4>\n<p>[\/et_pb_text][et_pb_slider show_pagination=&#8220;off&#8220; _builder_version=&#8220;4.16&#8243; _module_preset=&#8220;default&#8220; body_text_color=&#8220;#000000&#8243; custom_button=&#8220;on&#8220; button_text_color=&#8220;#FFFFFF&#8220; width=&#8220;600px&#8220; module_alignment=&#8220;center&#8220; min_height=&#8220;400px&#8220; border_radii=&#8220;on|3px|3px|3px|3px&#8220; global_colors_info=&#8220;{}&#8220;][et_pb_slide _builder_version=&#8220;4.16&#8243; _module_preset=&#8220;default&#8220; header_level=&#8220;h2&#8243; background_enable_color=&#8220;off&#8220; background_image=&#8220;https:\/\/aromapflege.tirol\/wp-content\/uploads\/2021\/01\/P1030763-scaled-e1613040774744.jpg&#8220; background_enable_image=&#8220;on&#8220; global_colors_info=&#8220;{}&#8220; sticky_transition=&#8220;on&#8220;]<\/p>\n<p>&nbsp;<\/p>\n<p>&nbsp;<\/p>\n<p>&nbsp;<\/p>\n<p>[\/et_pb_slide][\/et_pb_slider][et_pb_text _builder_version=&#8220;4.16&#8243; _module_preset=&#8220;default&#8220; global_colors_info=&#8220;{}&#8220;]<\/p>\n<p style=\"text-align: center;\">Mgr. Veronika N\u011bmcov\u00e1, MIFPA \u00a0<span>\u00a0Ust.-ID-Nr. 84027\/7602<\/span><\/p>\n<p>[\/et_pb_text][\/et_pb_column][et_pb_column type=&#8220;1_2&#8243; _builder_version=&#8220;4.16&#8243; _module_preset=&#8220;default&#8220; global_colors_info=&#8220;{}&#8220;][et_pb_text _builder_version=&#8220;4.16&#8243; _module_preset=&#8220;default&#8220; global_colors_info=&#8220;{}&#8220;]<\/p>\n<h4 style=\"text-align: center;\"><em>A nebo mne nav\u0161tivte v\u00a0Galt\u00fcru b\u011bhem roku<\/em><\/h4>\n<p>[\/et_pb_text][et_pb_slider show_pagination=&#8220;off&#8220; _builder_version=&#8220;4.16&#8243; _module_preset=&#8220;default&#8220; body_text_color=&#8220;#000000&#8243; custom_button=&#8220;on&#8220; button_text_color=&#8220;#FFFFFF&#8220; width=&#8220;600px&#8220; module_alignment=&#8220;center&#8220; min_height=&#8220;400px&#8220; border_radii=&#8220;on|3px|3px|3px|3px&#8220; global_colors_info=&#8220;{}&#8220;][et_pb_slide _builder_version=&#8220;4.16&#8243; _module_preset=&#8220;default&#8220; header_level=&#8220;h2&#8243; background_enable_color=&#8220;off&#8220; background_image=&#8220;https:\/\/aromapflege.tirol\/wp-content\/uploads\/2021\/02\/YKUM4937-scaled-e1613046188884.jpg&#8220; background_enable_image=&#8220;on&#8220; global_colors_info=&#8220;{}&#8220; sticky_transition=&#8220;on&#8220;]<\/p>\n<p>&nbsp;<\/p>\n<p>&nbsp;<\/p>\n<p>&nbsp;<\/p>\n<p>[\/et_pb_slide][et_pb_slide _builder_version=&#8220;4.16&#8243; _module_preset=&#8220;default&#8220; background_enable_color=&#8220;off&#8220; background_image=&#8220;https:\/\/aromapflege.tirol\/wp-content\/uploads\/2021\/02\/56C4A2E8-A88A-465E-8F8E-BEBD37BFF48B-scaled-e1613046144708.jpg&#8220; background_enable_image=&#8220;on&#8220; global_colors_info=&#8220;{}&#8220; sticky_transition=&#8220;on&#8220;][\/et_pb_slide][et_pb_slide _builder_version=&#8220;4.16&#8243; _module_preset=&#8220;default&#8220; background_enable_color=&#8220;off&#8220; background_image=&#8220;https:\/\/aromapflege.tirol\/wp-content\/uploads\/2021\/02\/9CC2CC2D-3676-45E2-9CE8-192C178FBE41-scaled-e1613040890889.jpg&#8220; background_enable_image=&#8220;on&#8220; global_colors_info=&#8220;{}&#8220; sticky_transition=&#8220;on&#8220;][\/et_pb_slide][et_pb_slide _builder_version=&#8220;4.16&#8243; _module_preset=&#8220;default&#8220; background_enable_color=&#8220;off&#8220; background_image=&#8220;https:\/\/aromapflege.tirol\/wp-content\/uploads\/2021\/02\/IMG_1403-rotated.jpg&#8220; background_enable_image=&#8220;on&#8220; global_colors_info=&#8220;{}&#8220; sticky_transition=&#8220;on&#8220;][\/et_pb_slide][\/et_pb_slider][et_pb_text _builder_version=&#8220;4.16&#8243; _module_preset=&#8220;default&#8220; global_colors_info=&#8220;{}&#8220;]<\/p>\n<p style=\"text-align: center;\">Jaro &#8211; L\u00e9to &#8211; Podzim &#8211; Zima v Galt\u00fcru<\/p>\n<p>[\/et_pb_text][\/et_pb_column][\/et_pb_row][et_pb_row _builder_version=&#8220;4.16&#8243; _module_preset=&#8220;default&#8220; global_colors_info=&#8220;{}&#8220;][et_pb_column type=&#8220;4_4&#8243; _builder_version=&#8220;4.16&#8243; _module_preset=&#8220;default&#8220; global_colors_info=&#8220;{}&#8220;][et_pb_text _builder_version=&#8220;4.16&#8243; _module_preset=&#8220;default&#8220; global_colors_info=&#8220;{}&#8220;]<\/p>\n<h2 style=\"text-align: center;\">M\u016f\u017eeme se sej\u00edt tak\u00e9 zde<\/h2>\n<p>[\/et_pb_text][et_pb_divider _builder_version=&#8220;4.16&#8243; _module_preset=&#8220;default&#8220; width=&#8220;50px&#8220; module_alignment=&#8220;center&#8220; global_colors_info=&#8220;{}&#8220;][\/et_pb_divider][\/et_pb_column][\/et_pb_row][et_pb_row column_structure=&#8220;1_3,1_3,1_3&#8243; use_custom_gutter=&#8220;on&#8220; _builder_version=&#8220;4.16&#8243; _module_preset=&#8220;default&#8220; global_colors_info=&#8220;{}&#8220;][et_pb_column type=&#8220;1_3&#8243; _builder_version=&#8220;4.16&#8243; _module_preset=&#8220;default&#8220; global_colors_info=&#8220;{}&#8220;][et_pb_blurb title=&#8220;Aromapflege &#038; Mehr. Tirol.&#8220; url=&#8220;https:\/\/www.youtube.com\/channel\/UC1cXK3xqgSKu1_p3lGNtH2A\/&#8220; url_new_window=&#8220;on&#8220; use_icon=&#8220;on&#8220; font_icon=&#8220;&#xe0a3;||divi||400&#8243; image_icon_width=&#8220;60px&#8220; _builder_version=&#8220;4.16&#8243; _module_preset=&#8220;default&#8220; header_text_align=&#8220;center&#8220; link_option_url=&#8220;https:\/\/www.youtube.com\/channel\/UC1cXK3xqgSKu1_p3lGNtH2A\/&#8220; link_option_url_new_window=&#8220;on&#8220; icon_font_size=&#8220;60px&#8220; global_colors_info=&#8220;{}&#8220;]<\/p>\n<p class=\"_04xlpA direction-ltr align-start para-style-body\"><span class=\"JsGRdQ\">Sd\u00edl\u00edm videa <\/span><span class=\"JsGRdQ\">o bylink\u00e1ch a o \u017eivot\u011b v Tyrolsku i jinde<\/span><span class=\"JsGRdQ\">. Mezi m\u00e1 obl\u00edben\u00e1 t\u00e9mata nat\u00e1\u010den\u00ed pat\u0159\u00ed tak\u00e9 otu\u017eov\u00e1n\u00ed v horsk\u00fdch plesech a ch\u016fze naboso v p\u0159\u00edrod\u011b.<\/span><\/p>\n<p class=\"_04xlpA direction-ltr align-start para-style-body\"><em><span class=\"JsGRdQ\">V\u011bt\u0161ina vide\u00ed je v \u010desk\u00e9m jazyce.<\/span><\/em><\/p>\n<p>[\/et_pb_blurb][\/et_pb_column][et_pb_column type=&#8220;1_3&#8243; _builder_version=&#8220;4.16&#8243; _module_preset=&#8220;default&#8220; global_colors_info=&#8220;{}&#8220;][et_pb_blurb title=&#8220;FP Aromapflege &#038; Mehr. Tirol.&#8220; url=&#8220;https:\/\/www.facebook.com\/aromatherapietirol&#8220; url_new_window=&#8220;on&#8220; use_icon=&#8220;on&#8220; font_icon=&#8220;&#xe093;||divi||400&#8243; image_icon_width=&#8220;60px&#8220; _builder_version=&#8220;4.16&#8243; _module_preset=&#8220;default&#8220; header_text_align=&#8220;center&#8220; link_option_url=&#8220;https:\/\/www.facebook.com\/aromatherapietirol&#8220; link_option_url_new_window=&#8220;on&#8220; icon_font_size=&#8220;60px&#8220; global_colors_info=&#8220;{}&#8220;]<\/p>\n<p class=\"_04xlpA direction-ltr align-start para-style-body\"><span class=\"JsGRdQ\">P\u00ed\u0161u kr\u00e1tk\u00e9 posty <\/span><span class=\"JsGRdQ\">o bylink\u00e1ch a jejich v\u016fn\u00edch, o mas\u00e1\u017e\u00edch a lidech, o p\u0159\u00edrod\u011b a v\u011bcech p\u0159irozen\u00fdch.<\/span><span class=\"JsGRdQ\"> O zdrav\u00ed a jeho posilov\u00e1n\u00ed, o v\u00fdrob\u011b bylinn\u00fdch produkt\u016f.<\/span><\/p>\n<p class=\"_04xlpA direction-ltr align-start para-style-body\"><em><span class=\"JsGRdQ\">Posty jsou ps\u00e1ny p\u0159ev\u00e1\u017en\u011b v jazyce n\u011bmeck\u00e9m.<\/span><\/em><span class=\"JsGRdQ white-space-prewrap\"><\/span><\/p>\n<p>[\/et_pb_blurb][\/et_pb_column][et_pb_column type=&#8220;1_3&#8243; _builder_version=&#8220;4.16&#8243; _module_preset=&#8220;default&#8220; global_colors_info=&#8220;{}&#8220;][et_pb_blurb title=&#8220;@aromapflege.tirol4&#8243; url=&#8220;https:\/\/www.instagram.com\/aromapflege.tirol4\/&#8220; use_icon=&#8220;on&#8220; font_icon=&#8220;&#xe09a;||divi||400&#8243; image_icon_width=&#8220;60px&#8220; _builder_version=&#8220;4.16&#8243; _module_preset=&#8220;default&#8220; header_text_align=&#8220;center&#8220; link_option_url=&#8220;https:\/\/www.instagram.com\/aromapflege.tirol4\/&#8220; icon_font_size=&#8220;60px&#8220; global_colors_info=&#8220;{}&#8220;]<\/p>\n<p class=\"_04xlpA direction-ltr align-start para-style-body\"><span class=\"JsGRdQ\">Fotografie fl\u00f3ry s jejich latinsk\u00fdm n\u00e1zvem<\/span><span class=\"JsGRdQ white-space-prewrap\"> <\/span><span class=\"JsGRdQ\">a za\u0159azen\u00edm do p\u0159\u00edslu\u0161n\u00e9 \u010deledi. <\/span><span class=\"JsGRdQ\">Informace a zaj\u00edmavosti ze \u017eivota bylin.<\/span><span class=\"JsGRdQ\"> Praktick\u00e9 recepty pro dom\u00e1cnost i do kuchyn\u011b.<\/span><\/p>\n<p class=\"_04xlpA direction-ltr align-start para-style-body\"><em><span class=\"JsGRdQ\">Fotografie jsou komentov\u00e1ny v n\u011bmeck\u00e9m jazyce.<\/span><\/em><span class=\"JsGRdQ white-space-prewrap\"><\/span><\/p>\n<p>[\/et_pb_blurb][\/et_pb_column][\/et_pb_row][\/et_pb_section][et_pb_section fb_built=&#8220;1&#8243; prev_background_color=&#8220;#ffffff&#8220; next_background_color=&#8220;#ffffff&#8220; admin_label=&#8220;Features&#8220; _builder_version=&#8220;4.9.2&#8243; background_color=&#8220;RGBA(0,0,0,0)&#8220; height_tablet=&#8220;&#8220; height_phone=&#8220;&#8220; height_last_edited=&#8220;on|phone&#8220; custom_margin=&#8220;1px||-18px||false|false&#8220; custom_margin_tablet=&#8220;&#8220; custom_margin_phone=&#8220;&#8220; custom_margin_last_edited=&#8220;on|phone&#8220; custom_padding=&#8220;0||62px||false|false&#8220; top_divider_style=&#8220;wave2&#8243; top_divider_height=&#8220;148px&#8220; bottom_divider_style=&#8220;wave&#8220; da_disable_devices=&#8220;off|off|off&#8220; global_module=&#8220;1820&#8243; saved_tabs=&#8220;all&#8220; locked=&#8220;off&#8220; global_colors_info=&#8220;{}&#8220; da_is_popup=&#8220;off&#8220; da_exit_intent=&#8220;off&#8220; da_has_close=&#8220;on&#8220; da_alt_close=&#8220;off&#8220; da_dark_close=&#8220;off&#8220; da_not_modal=&#8220;on&#8220; da_is_singular=&#8220;off&#8220; da_with_loader=&#8220;off&#8220; da_has_shadow=&#8220;on&#8220;][et_pb_row _builder_version=&#8220;4.16&#8243; _module_preset=&#8220;default&#8220; global_colors_info=&#8220;{}&#8220;][et_pb_column type=&#8220;4_4&#8243; _builder_version=&#8220;4.16&#8243; _module_preset=&#8220;default&#8220; global_colors_info=&#8220;{}&#8220;][\/et_pb_column][\/et_pb_row][\/et_pb_section][et_pb_section fb_built=&#8220;1&#8243; _builder_version=&#8220;4.7.7&#8243; _module_preset=&#8220;default&#8220; da_disable_devices=&#8220;off|off|off&#8220; global_module=&#8220;6066&#8243; saved_tabs=&#8220;all&#8220; global_colors_info=&#8220;{}&#8220; da_is_popup=&#8220;off&#8220; da_exit_intent=&#8220;off&#8220; da_has_close=&#8220;on&#8220; da_alt_close=&#8220;off&#8220; da_dark_close=&#8220;off&#8220; da_not_modal=&#8220;on&#8220; da_is_singular=&#8220;off&#8220; da_with_loader=&#8220;off&#8220; da_has_shadow=&#8220;on&#8220;][et_pb_row _builder_version=&#8220;4.16&#8243; _module_preset=&#8220;default&#8220; global_colors_info=&#8220;{}&#8220;][et_pb_column type=&#8220;4_4&#8243; _builder_version=&#8220;4.16&#8243; _module_preset=&#8220;default&#8220; global_colors_info=&#8220;{}&#8220;][et_pb_text _builder_version=&#8220;4.16&#8243; _module_preset=&#8220;default&#8220; global_colors_info=&#8220;{}&#8220;]<\/p>\n<h2 style=\"text-align: center;\">Moje slu\u017eby pro v\u00e1s<\/h2>\n<p>[\/et_pb_text][et_pb_divider _builder_version=&#8220;4.16&#8243; _module_preset=&#8220;default&#8220; width=&#8220;50px&#8220; module_alignment=&#8220;center&#8220; global_colors_info=&#8220;{}&#8220;][\/et_pb_divider][\/et_pb_column][\/et_pb_row][et_pb_row column_structure=&#8220;1_5,1_5,1_5,1_5,1_5&#8243; use_custom_gutter=&#8220;on&#8220; gutter_width=&#8220;1&#8243; make_equal=&#8220;on&#8220; _builder_version=&#8220;4.16&#8243; _module_preset=&#8220;default&#8220; border_color_right=&#8220;#560036&#8243; global_colors_info=&#8220;{}&#8220;][et_pb_column type=&#8220;1_5&#8243; _builder_version=&#8220;4.16&#8243; _module_preset=&#8220;default&#8220; global_colors_info=&#8220;{}&#8220;][et_pb_toggle title=&#8220;Aromap\u00e9\u010de&#8220; open_toggle_text_color=&#8220;#560036&#8243; icon_color=&#8220;#560036&#8243; open_icon_color=&#8220;#560036&#8243; _builder_version=&#8220;4.16&#8243; _module_preset=&#8220;default&#8220; title_text_color=&#8220;#560036&#8243; title_font=&#8220;||on||||||&#8220; background_color=&#8220;#FFFFFF&#8220; link_option_url=&#8220;https:\/\/aromapflege.tirol\/cs\/co-nabizim\/aromapece-o-telo\/&#8220; link_option_url_new_window=&#8220;on&#8220; border_width_all=&#8220;0px&#8220; border_width_right=&#8220;1px&#8220; border_color_right=&#8220;#560036&#8243; border_radii_last_edited=&#8220;off|phone&#8220; global_colors_info=&#8220;{}&#8220;]<\/p>\n<p>Synergie pohyb\u016f a technik, kter\u00e9 pe\u010duj\u00ed nejen o fyzickou, ale i du\u0161evn\u00ed str\u00e1nku t\u011bla. Esence z rostlin jsou aplikov\u00e1ny p\u0159es k\u016f\u017ei do t\u011bla a na z\u00e1klad\u011b jejich vlastnost\u00ed podporuj\u00ed zdrav\u00ed jedince.<\/p>\n<p><a href=\"https:\/\/aromapflege.tirol\/cs\/co-nabizim\/aromapece\/\" target=\"_blank\" rel=\"noopener noreferrer\">V\u00edce info &gt;&gt;<\/a><\/p>\n<p>[\/et_pb_toggle][\/et_pb_column][et_pb_column type=&#8220;1_5&#8243; _builder_version=&#8220;4.16&#8243; _module_preset=&#8220;default&#8220; global_colors_info=&#8220;{}&#8220;][et_pb_toggle title=&#8220;Pro  t\u011bhotn\u00e9&#8220; open_toggle_text_color=&#8220;#560036&#8243; icon_color=&#8220;#560036&#8243; open_icon_color=&#8220;#560036&#8243; _builder_version=&#8220;4.16&#8243; _module_preset=&#8220;default&#8220; title_text_color=&#8220;#560036&#8243; title_font=&#8220;||on||||||&#8220; background_color=&#8220;#FFFFFF&#8220; link_option_url=&#8220;https:\/\/aromapflege.tirol\/cs\/co-nabizim\/tehu\/&#8220; link_option_url_new_window=&#8220;on&#8220; border_width_all=&#8220;0px&#8220; border_color_all=&#8220;#560036&#8243; border_width_right=&#8220;1px&#8220; global_colors_info=&#8220;{}&#8220;]<\/p>\n<p>Po\u017eehnan\u00fd stav \u017eeny vy\u017eaduje zvl\u00e1\u0161tn\u00ed p\u00e9\u010di. T\u011bhotensk\u00e1 mas\u00e1\u017e vyu\u017e\u00edv\u00e1 jemn\u00fdch technik, p\u0159i kter\u00e9 jsou kvalitn\u00ed oleje vt\u00edr\u00e1ny do k\u016f\u017ee a zaru\u010duj\u00ed p\u0159\u00edjemn\u00fd pocit matce i d\u00edt\u011bti.<\/p>\n<p><a href=\"https:\/\/aromapflege.tirol\/cs\/co-nabizim\/tehu\/\">V\u00edce info\u00a0&gt;&gt;<\/a><\/p>\n<p>[\/et_pb_toggle][\/et_pb_column][et_pb_column type=&#8220;1_5&#8243; _builder_version=&#8220;4.16&#8243; _module_preset=&#8220;default&#8220; global_colors_info=&#8220;{}&#8220;][et_pb_toggle title=&#8220;Osobn\u00ed v\u016fn\u011b&#8220; open_toggle_text_color=&#8220;#560036&#8243; icon_color=&#8220;#560036&#8243; open_icon_color=&#8220;#560036&#8243; _builder_version=&#8220;4.16&#8243; _module_preset=&#8220;default&#8220; title_text_color=&#8220;#560036&#8243; title_font=&#8220;||on||||||&#8220; background_color=&#8220;#FFFFFF&#8220; link_option_url=&#8220;https:\/\/aromapflege.tirol\/cs\/co-nabizim\/osobni-vune\/&#8220; link_option_url_new_window=&#8220;on&#8220; border_width_all=&#8220;0px&#8220; border_width_right=&#8220;1px&#8220; border_color_right=&#8220;#560036&#8243; global_colors_info=&#8220;{}&#8220;]<\/p>\n<p>Souhra p\u0159\u00edrodn\u00edch v\u016fn\u00ed vybran\u00fdch\u00a0dle va\u0161ich pot\u0159eb a naturelu. Na z\u00e1klad\u011b Va\u0161eho rozpolo\u017een\u00ed a aktu\u00e1ln\u00edho zdravotn\u00edho stavu nam\u00edch\u00e1m jedine\u010dnou v\u016fni p\u0159\u00edmo pro V\u00e1s. Sm\u011bs je vhodn\u00e9 vyu\u017e\u00edt tak\u00e9 pro aromap\u00e9\u010di o t\u011blo.<\/p>\n<p><a href=\"https:\/\/aromapflege.tirol\/cs\/co-nabizim\/osobni-vune\/\">V\u00edce info\u00a0&gt;&gt;<\/a><\/p>\n<p>[\/et_pb_toggle][\/et_pb_column][et_pb_column type=&#8220;1_5&#8243; _builder_version=&#8220;4.16&#8243; _module_preset=&#8220;default&#8220; global_colors_info=&#8220;{}&#8220;][et_pb_toggle title=&#8220;Bylinky &#038; Co.&#8220; open_toggle_text_color=&#8220;#560036&#8243; icon_color=&#8220;#560036&#8243; open_icon_color=&#8220;#560036&#8243; _builder_version=&#8220;4.16&#8243; _module_preset=&#8220;default&#8220; title_text_color=&#8220;#560036&#8243; title_font=&#8220;||on||||||&#8220; background_color=&#8220;#FFFFFF&#8220; link_option_url=&#8220;https:\/\/aromapflege.tirol\/cs\/co-nabizim\/bylinky\/&#8220; link_option_url_new_window=&#8220;on&#8220; border_width_all=&#8220;0px&#8220; border_width_right=&#8220;1px&#8220; border_color_right=&#8220;#560036&#8243; global_colors_info=&#8220;{}&#8220;]<\/p>\n<p>L\u00e9\u010div\u00e9 rostliny su\u0161en\u00e9 a nebo produkty z nich vyroben\u00e9. Tinktury, masti, vyku\u0159ovac\u00ed sm\u011bsi a dal\u0161\u00ed. V\u0161e, co p\u0159\u00edroda vyrobila, j\u00e1 jen v p\u0159irozen\u00e9m prost\u0159ed\u00ed bylin pro V\u00e1s nasb\u00edrala.<\/p>\n<p><a href=\"https:\/\/aromapflege.tirol\/cs\/co-nabizim\/bylinky\/\">V\u00edce info\u00a0&gt;&gt;<\/a><\/p>\n<p>[\/et_pb_toggle][\/et_pb_column][et_pb_column type=&#8220;1_5&#8243; _builder_version=&#8220;4.16&#8243; _module_preset=&#8220;default&#8220; global_colors_info=&#8220;{}&#8220;][et_pb_toggle title=&#8220;Kurzy&#8220; open_toggle_text_color=&#8220;#560036&#8243; icon_color=&#8220;#560036&#8243; open_icon_color=&#8220;#560036&#8243; _builder_version=&#8220;4.16&#8243; _module_preset=&#8220;default&#8220; title_text_color=&#8220;#560036&#8243; title_font=&#8220;||on||||||&#8220; background_color=&#8220;#FFFFFF&#8220; link_option_url=&#8220;https:\/\/aromapflege.tirol\/cs\/co-nabizim\/kurzy\/&#8220; link_option_url_new_window=&#8220;on&#8220; border_width_all=&#8220;0px&#8220; border_width_right=&#8220;1px&#8220; border_color_right=&#8220;#560036&#8243; global_colors_info=&#8220;{}&#8220;]<\/p>\n<p>Vzd\u011bl\u00e1v\u00e1n\u00ed je jedn\u00edm pil\u00ed\u0159em k \u00fasp\u011bchu. V\u00fdukov\u00e9 a vzd\u011bl\u00e1vac\u00ed programy formou workshop\u016f, semin\u00e1\u0159\u016f i p\u0159edn\u00e1\u0161ek. Prezen\u010dn\u00ed i ONLINE forma.<\/p>\n<p><a href=\"https:\/\/aromapflege.tirol\/cs\/co-nabizim\/kurzy\/\">V\u00edce info\u00a0&gt;&gt;<\/a><\/p>\n<p>[\/et_pb_toggle][et_pb_toggle title=&#8220;Pro mas\u00e9ry&#8220; open_toggle_text_color=&#8220;#560036&#8243; icon_color=&#8220;#560036&#8243; open_icon_color=&#8220;#560036&#8243; disabled_on=&#8220;off|off|on&#8220; _builder_version=&#8220;4.16&#8243; _module_preset=&#8220;default&#8220; title_text_color=&#8220;#560036&#8243; title_font=&#8220;||on||||||&#8220; background_color=&#8220;#FFFFFF&#8220; link_option_url=&#8220;https:\/\/aromapflege.tirol\/cs\/co-nabizim\/bylinky\/&#8220; border_width_all=&#8220;0px&#8220; border_width_right=&#8220;1px&#8220; border_color_right=&#8220;#560036&#8243; global_colors_info=&#8220;{}&#8220;]<\/p>\n<ul>\n<li style=\"text-align: left;\"><span style=\"text-align: left;\">praktick\u00e1 aromata\u0161ka na \u00e9terick\u00e9 \u00a0a rostlinn\u00e9 oleje<\/span><\/li>\n<li style=\"text-align: left;\">byteln\u00e9 obaly na p\u0159enosn\u00e9 mas\u00e9rsk\u00e9 stoly<\/li>\n<li style=\"text-align: left;\">pevn\u00e9 ta\u0161ky na ru\u010dn\u00edky a jin\u00e9 pom\u016fcky mas\u00e9ra<\/li>\n<\/ul>\n<p style=\"text-align: center;\"><strong>Str\u00e1nka nen\u00ed moment\u00e1ln\u011b dostupn\u00e1, proto\u017ee ji upravuji. \u270d\ufe0f<\/strong><\/p>\n<p>&nbsp;<\/p>\n<p>[\/et_pb_toggle][\/et_pb_column][\/et_pb_row][\/et_pb_section]<\/p>\n","protected":false},"excerpt":{"rendered":"<p>Napi\u0161te mi A j\u00e1 V\u00e1m odpov\u00edmV\u011bt\u0161inu roku \u017eiji v rakousk\u00fdch Alp\u00e1ch, v mal\u00e9 horsk\u00e9 vesnici. Ale pohybuji se tak\u00e9 v \u010cesku a na Slovensku. \u00a0V\u017edy r\u00e1da zav\u00edt\u00e1m na rodnou ji\u017en\u00ed Moravu, vyu\u010duji v Praze i v jin\u00fdch kraj\u00edch. Setkat se tedy m\u016f\u017eeme tam a nebo tam. Pokud nejsem zrovna v lese a nebo nesb\u00edr\u00e1m bylinky, [&hellip;]<\/p>\n","protected":false},"author":1,"featured_media":0,"parent":0,"menu_order":0,"comment_status":"closed","ping_status":"closed","template":"","meta":{"_et_pb_use_builder":"on","_et_pb_old_content":"<!-- wp:divi\/placeholder \/-->","_et_gb_content_width":"","footnotes":""},"class_list":["post-13","page","type-page","status-publish","hentry"],"yoast_head":"<!-- This site is optimized with the Yoast SEO plugin v27.5 - https:\/\/yoast.com\/product\/yoast-seo-wordpress\/ -->\n<title>Kontakt - aromapflege.tirol<\/title>\n<meta name=\"robots\" content=\"index, follow, max-snippet:-1, max-image-preview:large, max-video-preview:-1\" \/>\n<link rel=\"canonical\" href=\"https:\/\/aromapflege.tirol\/kontakt\/\" \/>\n<meta property=\"og:locale\" content=\"cs_CZ\" \/>\n<meta property=\"og:type\" content=\"article\" \/>\n<meta property=\"og:title\" content=\"Kontakt - aromapflege.tirol\" \/>\n<meta property=\"og:description\" content=\"Napi\u0161te mi A j\u00e1 V\u00e1m odpov\u00edmV\u011bt\u0161inu roku \u017eiji v rakousk\u00fdch Alp\u00e1ch, v mal\u00e9 horsk\u00e9 vesnici. Ale pohybuji se tak\u00e9 v \u010cesku a na Slovensku. \u00a0V\u017edy r\u00e1da zav\u00edt\u00e1m na rodnou ji\u017en\u00ed Moravu, vyu\u010duji v Praze i v jin\u00fdch kraj\u00edch. Setkat se tedy m\u016f\u017eeme tam a nebo tam. Pokud nejsem zrovna v lese a nebo nesb\u00edr\u00e1m bylinky, [&hellip;]\" \/>\n<meta property=\"og:url\" content=\"https:\/\/aromapflege.tirol\/kontakt\/\" \/>\n<meta property=\"og:site_name\" content=\"aromapflege.tirol\" \/>\n<meta property=\"article:modified_time\" content=\"2025-02-10T09:41:39+00:00\" \/>\n<meta property=\"og:image\" content=\"https:\/\/aromapflege.tirol\/wp-content\/uploads\/2021\/02\/IMG_4132-scaled-e1619647109686.jpeg\" \/>\n\t<meta property=\"og:image:width\" content=\"640\" \/>\n\t<meta property=\"og:image:height\" content=\"427\" \/>\n\t<meta property=\"og:image:type\" content=\"image\/jpeg\" \/>\n<meta name=\"twitter:card\" content=\"summary_large_image\" \/>\n<meta name=\"twitter:label1\" content=\"Odhadovan\u00e1 doba \u010dten\u00ed\" \/>\n\t<meta name=\"twitter:data1\" content=\"18 minut\" \/>\n<script type=\"application\/ld+json\" class=\"yoast-schema-graph\">{\"@context\":\"https:\\\/\\\/schema.org\",\"@graph\":[{\"@type\":\"WebPage\",\"@id\":\"https:\\\/\\\/aromapflege.tirol\\\/kontakt\\\/\",\"url\":\"https:\\\/\\\/aromapflege.tirol\\\/kontakt\\\/\",\"name\":\"Kontakt - aromapflege.tirol\",\"isPartOf\":{\"@id\":\"https:\\\/\\\/aromapflege.tirol\\\/cs\\\/#website\"},\"datePublished\":\"2020-11-17T08:17:22+00:00\",\"dateModified\":\"2025-02-10T09:41:39+00:00\",\"breadcrumb\":{\"@id\":\"https:\\\/\\\/aromapflege.tirol\\\/kontakt\\\/#breadcrumb\"},\"inLanguage\":\"cs\",\"potentialAction\":[{\"@type\":\"ReadAction\",\"target\":[\"https:\\\/\\\/aromapflege.tirol\\\/kontakt\\\/\"]}]},{\"@type\":\"BreadcrumbList\",\"@id\":\"https:\\\/\\\/aromapflege.tirol\\\/kontakt\\\/#breadcrumb\",\"itemListElement\":[{\"@type\":\"ListItem\",\"position\":1,\"name\":\"Dom\u016f\",\"item\":\"https:\\\/\\\/aromapflege.tirol\\\/cs\\\/\"},{\"@type\":\"ListItem\",\"position\":2,\"name\":\"Kontakt\"}]},{\"@type\":\"WebSite\",\"@id\":\"https:\\\/\\\/aromapflege.tirol\\\/cs\\\/#website\",\"url\":\"https:\\\/\\\/aromapflege.tirol\\\/cs\\\/\",\"name\":\"aromapflege.tirol\",\"description\":\"Kr\u00e4uterkunde\\\/Aromaterapie, bylinky, zdrav\u00fd \u017eivotn\u00ed styl\",\"publisher\":{\"@id\":\"https:\\\/\\\/aromapflege.tirol\\\/cs\\\/#\\\/schema\\\/person\\\/bac5e755ac463f6bca2cd1c449700ba5\"},\"potentialAction\":[{\"@type\":\"SearchAction\",\"target\":{\"@type\":\"EntryPoint\",\"urlTemplate\":\"https:\\\/\\\/aromapflege.tirol\\\/cs\\\/?s={search_term_string}\"},\"query-input\":{\"@type\":\"PropertyValueSpecification\",\"valueRequired\":true,\"valueName\":\"search_term_string\"}}],\"inLanguage\":\"cs\"},{\"@type\":[\"Person\",\"Organization\"],\"@id\":\"https:\\\/\\\/aromapflege.tirol\\\/cs\\\/#\\\/schema\\\/person\\\/bac5e755ac463f6bca2cd1c449700ba5\",\"name\":\"Veronika\",\"image\":{\"@type\":\"ImageObject\",\"inLanguage\":\"cs\",\"@id\":\"https:\\\/\\\/aromapflege.tirol\\\/wp-content\\\/uploads\\\/2020\\\/11\\\/NemcovaLogo2.png\",\"url\":\"https:\\\/\\\/aromapflege.tirol\\\/wp-content\\\/uploads\\\/2020\\\/11\\\/NemcovaLogo2.png\",\"contentUrl\":\"https:\\\/\\\/aromapflege.tirol\\\/wp-content\\\/uploads\\\/2020\\\/11\\\/NemcovaLogo2.png\",\"width\":1916,\"height\":1229,\"caption\":\"Veronika\"},\"logo\":{\"@id\":\"https:\\\/\\\/aromapflege.tirol\\\/wp-content\\\/uploads\\\/2020\\\/11\\\/NemcovaLogo2.png\"}}]}<\/script>\n<!-- \/ Yoast SEO plugin. -->","yoast_head_json":{"title":"Kontakt - aromapflege.tirol","robots":{"index":"index","follow":"follow","max-snippet":"max-snippet:-1","max-image-preview":"max-image-preview:large","max-video-preview":"max-video-preview:-1"},"canonical":"https:\/\/aromapflege.tirol\/kontakt\/","og_locale":"cs_CZ","og_type":"article","og_title":"Kontakt - aromapflege.tirol","og_description":"Napi\u0161te mi A j\u00e1 V\u00e1m odpov\u00edmV\u011bt\u0161inu roku \u017eiji v rakousk\u00fdch Alp\u00e1ch, v mal\u00e9 horsk\u00e9 vesnici. Ale pohybuji se tak\u00e9 v \u010cesku a na Slovensku. \u00a0V\u017edy r\u00e1da zav\u00edt\u00e1m na rodnou ji\u017en\u00ed Moravu, vyu\u010duji v Praze i v jin\u00fdch kraj\u00edch. Setkat se tedy m\u016f\u017eeme tam a nebo tam. Pokud nejsem zrovna v lese a nebo nesb\u00edr\u00e1m bylinky, [&hellip;]","og_url":"https:\/\/aromapflege.tirol\/kontakt\/","og_site_name":"aromapflege.tirol","article_modified_time":"2025-02-10T09:41:39+00:00","og_image":[{"width":640,"height":427,"url":"https:\/\/aromapflege.tirol\/wp-content\/uploads\/2021\/02\/IMG_4132-scaled-e1619647109686.jpeg","type":"image\/jpeg"}],"twitter_card":"summary_large_image","twitter_misc":{"Odhadovan\u00e1 doba \u010dten\u00ed":"18 minut"},"schema":{"@context":"https:\/\/schema.org","@graph":[{"@type":"WebPage","@id":"https:\/\/aromapflege.tirol\/kontakt\/","url":"https:\/\/aromapflege.tirol\/kontakt\/","name":"Kontakt - aromapflege.tirol","isPartOf":{"@id":"https:\/\/aromapflege.tirol\/cs\/#website"},"datePublished":"2020-11-17T08:17:22+00:00","dateModified":"2025-02-10T09:41:39+00:00","breadcrumb":{"@id":"https:\/\/aromapflege.tirol\/kontakt\/#breadcrumb"},"inLanguage":"cs","potentialAction":[{"@type":"ReadAction","target":["https:\/\/aromapflege.tirol\/kontakt\/"]}]},{"@type":"BreadcrumbList","@id":"https:\/\/aromapflege.tirol\/kontakt\/#breadcrumb","itemListElement":[{"@type":"ListItem","position":1,"name":"Dom\u016f","item":"https:\/\/aromapflege.tirol\/cs\/"},{"@type":"ListItem","position":2,"name":"Kontakt"}]},{"@type":"WebSite","@id":"https:\/\/aromapflege.tirol\/cs\/#website","url":"https:\/\/aromapflege.tirol\/cs\/","name":"aromapflege.tirol","description":"Kr\u00e4uterkunde\/Aromaterapie, bylinky, zdrav\u00fd \u017eivotn\u00ed styl","publisher":{"@id":"https:\/\/aromapflege.tirol\/cs\/#\/schema\/person\/bac5e755ac463f6bca2cd1c449700ba5"},"potentialAction":[{"@type":"SearchAction","target":{"@type":"EntryPoint","urlTemplate":"https:\/\/aromapflege.tirol\/cs\/?s={search_term_string}"},"query-input":{"@type":"PropertyValueSpecification","valueRequired":true,"valueName":"search_term_string"}}],"inLanguage":"cs"},{"@type":["Person","Organization"],"@id":"https:\/\/aromapflege.tirol\/cs\/#\/schema\/person\/bac5e755ac463f6bca2cd1c449700ba5","name":"Veronika","image":{"@type":"ImageObject","inLanguage":"cs","@id":"https:\/\/aromapflege.tirol\/wp-content\/uploads\/2020\/11\/NemcovaLogo2.png","url":"https:\/\/aromapflege.tirol\/wp-content\/uploads\/2020\/11\/NemcovaLogo2.png","contentUrl":"https:\/\/aromapflege.tirol\/wp-content\/uploads\/2020\/11\/NemcovaLogo2.png","width":1916,"height":1229,"caption":"Veronika"},"logo":{"@id":"https:\/\/aromapflege.tirol\/wp-content\/uploads\/2020\/11\/NemcovaLogo2.png"}}]}},"_links":{"self":[{"href":"https:\/\/aromapflege.tirol\/cs\/wp-json\/wp\/v2\/pages\/13","targetHints":{"allow":["GET"]}}],"collection":[{"href":"https:\/\/aromapflege.tirol\/cs\/wp-json\/wp\/v2\/pages"}],"about":[{"href":"https:\/\/aromapflege.tirol\/cs\/wp-json\/wp\/v2\/types\/page"}],"author":[{"embeddable":true,"href":"https:\/\/aromapflege.tirol\/cs\/wp-json\/wp\/v2\/users\/1"}],"replies":[{"embeddable":true,"href":"https:\/\/aromapflege.tirol\/cs\/wp-json\/wp\/v2\/comments?post=13"}],"version-history":[{"count":69,"href":"https:\/\/aromapflege.tirol\/cs\/wp-json\/wp\/v2\/pages\/13\/revisions"}],"predecessor-version":[{"id":9635,"href":"https:\/\/aromapflege.tirol\/cs\/wp-json\/wp\/v2\/pages\/13\/revisions\/9635"}],"wp:attachment":[{"href":"https:\/\/aromapflege.tirol\/cs\/wp-json\/wp\/v2\/media?parent=13"}],"curies":[{"name":"wp","href":"https:\/\/api.w.org\/{rel}","templated":true}]}}