{"id":1164,"date":"2020-12-20T20:29:14","date_gmt":"2020-12-20T19:29:14","guid":{"rendered":"https:\/\/aromapflege.tirol\/?page_id=1164"},"modified":"2021-04-05T00:15:39","modified_gmt":"2021-04-04T22:15:39","slug":"tehu","status":"publish","type":"page","link":"https:\/\/aromapflege.tirol\/cs\/co-nabizim\/tehu\/","title":{"rendered":"P\u00e9\u010de o t\u011bhotnou \u017eenu"},"content":{"rendered":"<p>[et_pb_section fb_built=&#8220;1&#8243; specialty=&#8220;on&#8220; padding_top_bottom_link_1=&#8220;true&#8220; padding_left_right_link_1=&#8220;false&#8220; use_background_color_gradient_2=&#8220;off&#8220; background_color_gradient_start_2=&#8220;rgba(29,38,0,0.8)&#8220; background_color_gradient_end_2=&#8220;rgba(29,38,0,0.6)&#8220; background_color_gradient_overlays_image_2=&#8220;on&#8220; padding_top_1=&#8220;6vw&#8220; padding_right_1=&#8220;4vw&#8220; padding_bottom_1=&#8220;6vw&#8220; padding_left_1=&#8220;8vw&#8220; padding_1_tablet=&#8220;|10%||10%||true&#8220; padding_1_phone=&#8220;&#8220; padding_1_last_edited=&#8220;on|desktop&#8220; admin_label=&#8220;Header&#8220; _builder_version=&#8220;4.7.4&#8243; inner_width=&#8220;100%&#8220; inner_max_width=&#8220;100%&#8220; min_height=&#8220;724px&#8220; custom_margin=&#8220;-32px|||||&#8220; custom_padding=&#8220;0|0px|0px|0px|false|false&#8220; use_custom_width=&#8220;on&#8220; width_unit=&#8220;off&#8220; custom_width_percent=&#8220;100%&#8220;][et_pb_column type=&#8220;1_2&#8243; _builder_version=&#8220;3.25&#8243; custom_padding=&#8220;|||&#8220; padding_tablet=&#8220;|10%||10%||true&#8220; padding_last_edited=&#8220;on|desktop&#8220; custom_padding__hover=&#8220;|||&#8220;][et_pb_image src=&#8220;https:\/\/aromapflege.tirol\/wp-content\/uploads\/2020\/12\/Pro-Vas.png&#8220; alt=&#8220;Aromapflege f\u00fcr Schwangeren&#8220; title_text=&#8220;T\u011bhotensk\u00e9 mas\u00e1\u017ee&#8220; show_bottom_space=&#8220;off&#8220; _builder_version=&#8220;4.8.2&#8243; width=&#8220;250px&#8220; max_width=&#8220;250px&#8220; module_alignment=&#8220;center&#8220; min_height=&#8220;250px&#8220; height=&#8220;250px&#8220; custom_margin=&#8220;-50px|||91px|false|false&#8220; custom_margin_tablet=&#8220;&#8220; custom_margin_phone=&#8220;&#8220; custom_margin_last_edited=&#8220;on|phone&#8220; custom_padding=&#8220;0px||||false|false&#8220; always_center_on_mobile=&#8220;off&#8220; locked=&#8220;off&#8220;][\/et_pb_image][et_pb_text _builder_version=&#8220;4.9.2&#8243; _module_preset=&#8220;default&#8220;]<\/p>\n<h1 style=\"text-align: center;\"><strong>Aromap\u00e9\u010de pro t\u011bhotn\u00e9<\/strong><\/h1>\n<h3 style=\"text-align: center;\"><em>V\u00fdjme\u010dn\u00e1 p\u00e9\u010de pro v\u00fdjme\u010dn\u00fd stav \u017eeny<\/em><\/h3>\n<p>[\/et_pb_text][et_pb_divider _builder_version=&#8220;4.9.1&#8243; _module_preset=&#8220;default&#8220; width=&#8220;50px&#8220; module_alignment=&#8220;center&#8220;][\/et_pb_divider][et_pb_text _builder_version=&#8220;4.9.2&#8243; text_font=&#8220;||||||||&#8220; text_font_size=&#8220;18px&#8220; header_font=&#8220;Cormorant Garamond|700|||||||&#8220; header_font_size=&#8220;60px&#8220; header_line_height=&#8220;1.2em&#8220; custom_margin=&#8220;|||&#8220; custom_padding=&#8220;|40px||40px|false|true&#8220; text_font_size_tablet=&#8220;&#8220; text_font_size_phone=&#8220;16px&#8220; text_font_size_last_edited=&#8220;on|phone&#8220; header_font_size_tablet=&#8220;50px&#8220; header_font_size_phone=&#8220;35px&#8220; header_font_size_last_edited=&#8220;on|phone&#8220; locked=&#8220;off&#8220;]<\/p>\n<p style=\"text-align: center;\">Nechat se h\u00fd\u010dkat a laskav\u011b ope\u010dov\u00e1vat k t\u011bhotenstv\u00ed pat\u0159\u00ed. Starost\u00ed o sv\u00e9 t\u011blo projevuje \u017eena tak\u00e9 p\u00e9\u010di o sv\u00e9 d\u00edt\u011b, kter\u00e9 se v jej\u00edm l\u016fn\u011b vyv\u00edj\u00ed.<\/p>\n<p style=\"text-align: center;\">T\u011bhotensk\u00e1 aromap\u00e9\u010de m\u016f\u017ee v\u00fdrazn\u011b m\u00edrnit stavy, kter\u00e1 \u017eena pro\u017e\u00edv\u00e1 vlivem p\u0159irozen\u00fdch zm\u011bn tohoto obdob\u00ed. Je to skv\u011bl\u00fd zp\u016fsob relaxace a harmonizace nast\u00e1vaj\u00edc\u00ed maminky, v posledn\u00edch m\u011bs\u00edc\u00edch t\u011bhotenstv\u00ed tak\u00e9 miminka.<\/p>\n<p>[\/et_pb_text][\/et_pb_column][et_pb_column type=&#8220;1_2&#8243; specialty_columns=&#8220;2&#8243; _builder_version=&#8220;3.25&#8243; custom_padding=&#8220;|||&#8220; custom_padding__hover=&#8220;|||&#8220;][et_pb_row_inner use_custom_gutter=&#8220;on&#8220; make_equal=&#8220;on&#8220; _builder_version=&#8220;4.7.7&#8243; _module_preset=&#8220;default&#8220; background_enable_color=&#8220;off&#8220; width=&#8220;90%&#8220; max_width=&#8220;100%&#8220; module_alignment=&#8220;center&#8220; min_height=&#8220;454.6px&#8220; custom_margin=&#8220;73px||||false|false&#8220; custom_margin_tablet=&#8220;60px||60px||true|false&#8220; custom_margin_phone=&#8220;-20px||0px||false|false&#8220; custom_margin_last_edited=&#8220;on|tablet&#8220; custom_padding=&#8220;||0px||false|false&#8220; border_radii=&#8220;on|3px|3px|3px|3px&#8220;][et_pb_column_inner saved_specialty_column_type=&#8220;1_2&#8243; _builder_version=&#8220;4.7.5&#8243; _module_preset=&#8220;default&#8220; background_color=&#8220;rgba(86,0,54,0.01)&#8220;][et_pb_image src=&#8220;https:\/\/aromapflege.tirol\/wp-content\/uploads\/2020\/12\/8CF118E0-3275-447E-B3E3-C1019EEEF6A3_1_201_a-scaled.jpeg&#8220; title_text=&#8220;tehotenske masaze&#8220; show_bottom_space=&#8220;off&#8220; align=&#8220;center&#8220; _builder_version=&#8220;4.9.1&#8243; _module_preset=&#8220;default&#8220; width=&#8220;90%&#8220; module_alignment=&#8220;center&#8220; custom_margin=&#8220;||||false|false&#8220; custom_margin_tablet=&#8220;||||false|false&#8220; custom_margin_phone=&#8220;&#8220; custom_margin_last_edited=&#8220;on|tablet&#8220; border_radii=&#8220;on|3px|3px|3px|3px&#8220; border_color_all=&#8220;#560036&#8243;][\/et_pb_image][\/et_pb_column_inner][\/et_pb_row_inner][\/et_pb_column][\/et_pb_section][et_pb_section fb_built=&#8220;1&#8243; admin_label=&#8220;Features&#8220; _builder_version=&#8220;4.7.7&#8243; background_image=&#8220;https:\/\/aromapflege.tirol\/wp-content\/uploads\/2020\/12\/gardener-03.png&#8220; background_size=&#8220;initial&#8220; background_position=&#8220;top_left&#8220; custom_margin=&#8220;||||false|false&#8220; custom_margin_tablet=&#8220;&#8220; custom_margin_phone=&#8220;-50px||-100px||false|false&#8220; custom_margin_last_edited=&#8220;on|phone&#8220; custom_padding=&#8220;||||false|false&#8220;][et_pb_row _builder_version=&#8220;4.7.7&#8243; _module_preset=&#8220;default&#8220; module_alignment=&#8220;center&#8220; custom_margin_tablet=&#8220;&#8220; custom_margin_phone=&#8220;-60px||||false|false&#8220; custom_margin_last_edited=&#8220;on|phone&#8220;][et_pb_column type=&#8220;4_4&#8243; _builder_version=&#8220;4.7.4&#8243; _module_preset=&#8220;default&#8220;][et_pb_text _builder_version=&#8220;4.9.2&#8243; _module_preset=&#8220;default&#8220; header_font=&#8220;|||on|||||&#8220;]<\/p>\n<h2 style=\"text-align: center;\">T\u011bhotn\u00e1 \u017eena by m\u011bla o aromap\u00e9\u010di v\u011bd\u011bt, \u017ee&#8230;<\/h2>\n<p>[\/et_pb_text][et_pb_divider _builder_version=&#8220;4.9.2&#8243; _module_preset=&#8220;default&#8220; width=&#8220;50px&#8220; module_alignment=&#8220;center&#8220; global_module=&#8220;6749&#8243;][\/et_pb_divider][\/et_pb_column][\/et_pb_row][et_pb_row column_structure=&#8220;1_3,1_3,1_3&#8243; _builder_version=&#8220;4.7.7&#8243; _module_preset=&#8220;default&#8220; module_alignment=&#8220;center&#8220; custom_margin=&#8220;-97px||||false|false&#8220; custom_padding=&#8220;0px||||false|false&#8220;][et_pb_column type=&#8220;1_3&#8243; _builder_version=&#8220;4.7.4&#8243; _module_preset=&#8220;default&#8220;][et_pb_image src=&#8220;https:\/\/aromapflege.tirol\/wp-content\/uploads\/2020\/12\/schwangere-frau-mit-ihrem-ehemann-familie-auf-das-kind-wartend-vektorskizze-73081958.jpg&#8220; title_text=&#8220;schwangere-frau-mit-ihrem-ehemann-familie-auf-das-kind-wartend-vektorskizze-73081958&#8243; align=&#8220;center&#8220; _builder_version=&#8220;4.7.7&#8243; _module_preset=&#8220;default&#8220; transform_scale=&#8220;50%|50%&#8220; transform_translate=&#8220;0px|80px&#8220; transform_translate_linked=&#8220;off&#8220; custom_margin=&#8220;-60px||||false|false&#8220;][\/et_pb_image][et_pb_blurb title=&#8220;Tato p\u00e9\u010de je bezpe\u010dn\u00e1&#8220; _builder_version=&#8220;4.9.2&#8243; header_font=&#8220;Cormorant Garamond||||||||&#8220; header_text_align=&#8220;center&#8220; header_line_height=&#8220;1.5em&#8220; body_font=&#8220;||||||||&#8220; hover_enabled=&#8220;0&#8243; locked=&#8220;off&#8220; sticky_enabled=&#8220;0&#8243;]<\/p>\n<p>Techniky, kter\u00e9 jsou b\u011bhem p\u00e9\u010de vyu\u017e\u00edv\u00e1ny jsou vyvinuty p\u0159\u00edmo pro t\u011bhotnou \u017eenu. Jsou jemn\u00e9 a velmi p\u0159\u00edjemn\u00e9. Pro mne osobn\u011b je velmi d\u016fle\u017eit\u00e9, aby se b\u011bhem p\u00e9\u010de nast\u00e1vaj\u00edc\u00ed maminka c\u00edtila uvoln\u011bn\u011b. Esence i rostlinn\u00e9 oleje, se kter\u00fdmi pracuji, jsou pro t\u011bhulku bezpe\u010dn\u00e9 a t\u00e9 nejvy\u0161\u0161\u00ed kvality.<\/p>\n<p>[\/et_pb_blurb][\/et_pb_column][et_pb_column type=&#8220;1_3&#8243; _builder_version=&#8220;4.7.4&#8243; _module_preset=&#8220;default&#8220;][et_pb_image src=&#8220;https:\/\/aromapflege.tirol\/wp-content\/uploads\/2020\/12\/schwangere-frau-streichelt-ihren-bauch-160-100980778.jpg&#8220; title_text=&#8220;schwangere-frau-streichelt-ihren-bauch-160-100980778&#8243; align=&#8220;center&#8220; _builder_version=&#8220;4.7.7&#8243; _module_preset=&#8220;default&#8220; transform_scale=&#8220;50%|50%&#8220; transform_translate=&#8220;0px|80px&#8220; transform_translate_linked=&#8220;off&#8220; custom_margin=&#8220;-60px||||false|false&#8220;][\/et_pb_image][et_pb_blurb title=&#8220;Prov\u00e1d\u00edm od ukon\u010den\u00e9ho 12. tt.&#8220; _builder_version=&#8220;4.7.7&#8243; header_font=&#8220;Cormorant Garamond||||||||&#8220; header_text_align=&#8220;center&#8220; header_line_height=&#8220;1.5em&#8220; body_font=&#8220;||||||||&#8220; locked=&#8220;off&#8220;]<\/p>\n<p style=\"text-align: left;\">Po\u017eehnan\u00fd stav \u017eeny si vy\u017eaduje speci\u00e1ln\u00ed p\u00e9\u010di, ale i opatrnost. Velmi r\u00e1da ope\u010dov\u00e1v\u00e1m t\u011bhotn\u00e9 \u017eeny a\u017e po \u010das samotn\u00e9ho momentu, kdy m\u00e1 d\u00edt\u011b p\u0159ij\u00edt na sv\u011bt. Velmi v\u0161ak db\u00e1m na to, aby p\u00e9\u010de <strong>pod m\u00fdmi rukami nebyla d\u0159\u00edve ne\u017e od ukon\u010den\u00e9ho 3. m\u011bs\u00edce t\u011bhotenstv\u00ed.<\/strong><\/p>\n<p>[\/et_pb_blurb][\/et_pb_column][et_pb_column type=&#8220;1_3&#8243; _builder_version=&#8220;4.7.4&#8243; _module_preset=&#8220;default&#8220;][et_pb_image src=&#8220;https:\/\/aromapflege.tirol\/wp-content\/uploads\/2020\/12\/istockphoto-1176525931-170667a-e1608545183399.jpg&#8220; title_text=&#8220;istockphoto-1176525931-170667a&#8220; align=&#8220;center&#8220; _builder_version=&#8220;4.7.7&#8243; _module_preset=&#8220;default&#8220; transform_scale=&#8220;60%|60%&#8220; transform_translate=&#8220;0px|80px&#8220; transform_translate_linked=&#8220;off&#8220; custom_margin=&#8220;-60px||||false|false&#8220;][\/et_pb_image][et_pb_blurb title=&#8220;Nepracuji s lymfou ani marma &#8220; _builder_version=&#8220;4.7.7&#8243; header_font=&#8220;Cormorant Garamond||||||||&#8220; header_text_align=&#8220;center&#8220; header_line_height=&#8220;1.5em&#8220; body_font=&#8220;||||||||&#8220; locked=&#8220;off&#8220;]<\/p>\n<p>U t\u011bhotn\u00fdch \u017een se nikdy nepracuje s lymfou a aromap\u00e9\u010de nen\u00ed vyj\u00edmkou. Netonizuji, ani neaktivuji marma body, s opatrnost\u00ed vyu\u017e\u00edv\u00e1m akupresurn\u00ed body a meridi\u00e1ny tak, aby jejich aktivace nemohla vyvolat p\u0159ed\u010dasn\u00fd porod. Celkov\u011b db\u00e1m na pohodl\u00ed \u017eeny b\u011bhem p\u00e9\u010de.<\/p>\n<p>[\/et_pb_blurb][\/et_pb_column][\/et_pb_row][\/et_pb_section][et_pb_section fb_built=&#8220;1&#8243; prev_background_color=&#8220;#ffffff&#8220; next_background_color=&#8220;#ffffff&#8220; _builder_version=&#8220;4.9.2&#8243; _module_preset=&#8220;default&#8220; background_color=&#8220;#560036&#8243; top_divider_style=&#8220;wave2&#8243; bottom_divider_style=&#8220;wave&#8220;][et_pb_row _builder_version=&#8220;4.9.2&#8243; _module_preset=&#8220;default&#8220; custom_margin=&#8220;40px||40px||true|false&#8220;][et_pb_column type=&#8220;4_4&#8243; _builder_version=&#8220;4.9.2&#8243; _module_preset=&#8220;default&#8220;][et_pb_blurb title=&#8220;Jak p\u00e9\u010de prob\u00edh\u00e1&#8220; _builder_version=&#8220;4.9.2&#8243; header_level=&#8220;h3&#8243; header_font=&#8220;Cormorant Garamond|700|||||||&#8220; header_text_align=&#8220;center&#8220; header_text_color=&#8220;#FFFFFF&#8220; header_line_height=&#8220;1.5em&#8220; body_font=&#8220;||||||||&#8220; text_orientation=&#8220;center&#8220; background_layout=&#8220;dark&#8220; locked=&#8220;off&#8220;]<\/p>\n<p>Velmi z\u00e1sadn\u00ed je p\u0159i p\u00e9\u010di o t\u011bhotnou \u017eenu v\u00fdb\u011br materi\u00e1lu, se kter\u00fdm je ope\u010dov\u00e1v\u00e1na. Obzvl\u00e1\u0161\u0165 pe\u010dliv\u011b vyb\u00edr\u00e1m oleje i esence tak, aby byly pro \u017eenu i jej\u00ed plod bezpe\u010dn\u00e9 a p\u0159\u00edjemn\u011b j\u00ed von\u011bly.<\/p>\n<p>Pro pohodl\u00ed \u017eeny zajist\u00edm speci\u00e1ln\u00ed pol\u0161t\u00e1\u0159e, aby mohla pohodln\u011b le\u017eet na boku. M\u016f\u017ee v\u0161ak sed\u011bt i na velk\u00e9m gymnastick\u00e9m m\u00ed\u010di.<\/p>\n<p>Celkov\u00e1 p\u00e9\u010de netrv\u00e1 d\u00e9le jak 90 minut, zpravidla sp\u00ed\u0161e 45-50. Nikdy se \u017eeny nedot\u00fdk\u00e1m na b\u0159i\u0161e, pokud si to nep\u0159eje.<\/p>\n<p>[\/et_pb_blurb][\/et_pb_column][\/et_pb_row][\/et_pb_section][et_pb_section fb_built=&#8220;1&#8243; _builder_version=&#8220;4.9.2&#8243; _module_preset=&#8220;default&#8220;][et_pb_row _builder_version=&#8220;4.9.2&#8243; _module_preset=&#8220;default&#8220;][et_pb_column type=&#8220;4_4&#8243; _builder_version=&#8220;4.9.2&#8243; _module_preset=&#8220;default&#8220;][et_pb_testimonial author=&#8220;Anna Krutov\u00e1&#8220; job_title=&#8220;Aromaterapeutka &#8220; company_name=&#8220;Aromaterapie Brno&#8220; portrait_url=&#8220;https:\/\/aromapflege.tirol\/wp-content\/uploads\/2021\/01\/13043232_10207455330193783_9203149485534537086_n.jpg&#8220; _builder_version=&#8220;4.9.1&#8243; _module_preset=&#8220;default&#8220; background_color=&#8220;#ffffff&#8220;]<\/p>\n<p><span>Veroni\u010din dotek je pevn\u00fd, p\u0159itom jemn\u00fd a velmi l\u00e9\u010div\u00fd. Cen\u00edm si jej\u00ed touhy po znalostech a obrovsk\u00e9 kvalifikace, kterou si v aromaterapii a bylin\u00e1ch st\u00e1le roz\u0161i\u0159uje. Mas\u00edrov\u00e1n\u00ed ji opravdu bav\u00ed. Za\u017eila jsem jej\u00ed p\u00e9\u010di v t\u011bhotenstv\u00ed i mimo n\u011bj a v\u017edy to bylo p\u0159esn\u011b to, co moje t\u011blo pot\u0159ebovalo! Ne\u010dekejte \u017e\u00e1dnou unifikovanou mas\u00e1\u017e, ale o\u0161et\u0159en\u00ed p\u0159esn\u011b na m\u00edru va\u0161im pot\u0159eb\u00e1m! Kdy zas, Veru, p\u0159ijede\u0161? .)<\/span><\/p>\n<p>[\/et_pb_testimonial][\/et_pb_column][\/et_pb_row][\/et_pb_section][et_pb_section fb_built=&#8220;1&#8243; _builder_version=&#8220;4.9.2&#8243; _module_preset=&#8220;default&#8220; background_color=&#8220;#577c00&#8243;][et_pb_row _builder_version=&#8220;4.9.2&#8243; _module_preset=&#8220;default&#8220;][et_pb_column type=&#8220;4_4&#8243; _builder_version=&#8220;4.9.2&#8243; _module_preset=&#8220;default&#8220;][et_pb_blurb _builder_version=&#8220;4.9.2&#8243; header_font=&#8220;Cormorant Garamond|600|||||||&#8220; header_font_size=&#8220;35px&#8220; header_line_height=&#8220;1.4em&#8220; body_font=&#8220;Italianno||||||||&#8220; body_font_size=&#8220;38px&#8220; body_line_height=&#8220;1.6em&#8220; background_layout=&#8220;dark&#8220; custom_padding=&#8220;40px||||false|false&#8220; locked=&#8220;off&#8220;]<\/p>\n<p style=\"text-align: center;\">T\u011bhotenstv\u00ed je stav po\u017eehnan\u00fd. S \u00factou a respektem p\u0159istupuji k \u017een\u011b, v jej\u00ed\u017e l\u016fn\u011b se rod\u00ed nov\u00fd \u017eivot.<\/p>\n<p>[\/et_pb_blurb][\/et_pb_column][\/et_pb_row][\/et_pb_section][et_pb_section fb_built=&#8220;1&#8243; prev_background_color=&#8220;#577c00&#8243; next_background_color=&#8220;#ffffff&#8220; admin_label=&#8220;Features&#8220; _builder_version=&#8220;4.7.7&#8243; background_color=&#8220;rgba(87,124,0,0.15)&#8220; height_tablet=&#8220;&#8220; height_phone=&#8220;&#8220; height_last_edited=&#8220;on|phone&#8220; custom_margin=&#8220;1px||-18px||false|false&#8220; custom_margin_tablet=&#8220;&#8220; custom_margin_phone=&#8220;&#8220; custom_margin_last_edited=&#8220;on|phone&#8220; custom_padding=&#8220;0||62px||false|false&#8220; top_divider_style=&#8220;wave2&#8243; top_divider_height=&#8220;84px&#8220; bottom_divider_style=&#8220;wave&#8220; saved_tabs=&#8220;all&#8220; locked=&#8220;off&#8220;][et_pb_row _builder_version=&#8220;4.8.2&#8243; _module_preset=&#8220;default&#8220;][et_pb_column type=&#8220;4_4&#8243; _builder_version=&#8220;4.8.2&#8243; _module_preset=&#8220;default&#8220;][et_pb_text _builder_version=&#8220;4.8.2&#8243; _module_preset=&#8220;default&#8220;][\/et_pb_text][et_pb_text _builder_version=&#8220;4.8.2&#8243; _module_preset=&#8220;default&#8220;][\/et_pb_text][et_pb_text _builder_version=&#8220;4.8.2&#8243; _module_preset=&#8220;default&#8220;][\/et_pb_text][\/et_pb_column][\/et_pb_row][\/et_pb_section][et_pb_section fb_built=&#8220;1&#8243; admin_label=&#8220;Services&#8220; _builder_version=&#8220;4.9.1&#8243; background_image=&#8220;https:\/\/aromapflege.tirol\/wp-content\/uploads\/2020\/12\/gardener-03.png&#8220; background_size=&#8220;initial&#8220; background_position=&#8220;bottom_right&#8220; custom_margin=&#8220;0px|||||&#8220; custom_padding=&#8220;||||false|false&#8220;][et_pb_row column_structure=&#8220;3_5,2_5&#8243; use_custom_gutter=&#8220;on&#8220; gutter_width=&#8220;1&#8243; make_equal=&#8220;on&#8220; padding_left_right_link_2=&#8220;true&#8220; module_class=&#8220; et_pb_row_fullwidth&#8220; _builder_version=&#8220;4.9.1&#8243; width_tablet=&#8220;100%&#8220; width_phone=&#8220;&#8220; width_last_edited=&#8220;on|desktop&#8220; max_width_tablet=&#8220;100%&#8220; max_width_phone=&#8220;&#8220; max_width_last_edited=&#8220;on|desktop&#8220; module_alignment=&#8220;center&#8220; custom_margin=&#8220;40px|auto|40px|auto|true|false&#8220; custom_padding=&#8220;|0px|0px|0px|false|false&#8220; make_fullwidth=&#8220;on&#8220; locked=&#8220;off&#8220;][et_pb_column type=&#8220;3_5&#8243; _builder_version=&#8220;4.9.1&#8243; custom_padding=&#8220;|||&#8220; custom_padding__hover=&#8220;|||&#8220;][et_pb_text _builder_version=&#8220;4.9.2&#8243; _module_preset=&#8220;default&#8220;]<\/p>\n<h2 style=\"text-align: center;\">Je Aromap\u00e9\u010de pro t\u011bhotnou \u017eenu vhodn\u00e1?<\/h2>\n<p>[\/et_pb_text][et_pb_divider divider_position=&#8220;center&#8220; _builder_version=&#8220;4.9.1&#8243; _module_preset=&#8220;default&#8220; width=&#8220;50px&#8220; module_alignment=&#8220;center&#8220;][\/et_pb_divider][et_pb_text _builder_version=&#8220;4.9.1&#8243; _module_preset=&#8220;default&#8220;]<\/p>\n<p style=\"text-align: center;\">Rozhodn\u011b ano. P\u00e9\u010de o t\u011bhotnou \u017eenu prav\u00fdmi a vhodn\u011b zvolen\u00fdmi esenci\u00e1ln\u00edmi oleji, z\u0159ed\u011bn\u00fdmi v kvalitn\u00edm rostlinn\u00e9m oleji lisovan\u00e9m za studena pom\u00e1h\u00e1 nejen udr\u017eovat vitalitu \u017eeny \u010di elasticitu jej\u00ed poko\u017eky, ale tak\u00e9 podporuje spr\u00e1vn\u00fd v\u00fdvoj imunitn\u00edho syst\u00e9mu plodu, kter\u00fd \u017eena nos\u00ed pod sv\u00fdm sdrcem.<\/p>\n<p style=\"text-align: center;\">[\/et_pb_text][et_pb_image src=&#8220;https:\/\/aromapflege.tirol\/wp-content\/uploads\/2020\/12\/4DE7F7DB-6640-4454-92AE-E43EA1752F5A-scaled-e1611433407725.jpeg&#8220; alt=&#8220;P\u00e9\u010de o t\u011bhotnou \u017eenu.&#8220; title_text=&#8220;P\u00e9\u010de o t\u011bhotnou \u017eenu.&#8220; align=&#8220;center&#8220; _builder_version=&#8220;4.9.1&#8243; _module_preset=&#8220;default&#8220; transform_scale=&#8220;90%|90%&#8220; border_radii=&#8220;on|3px|3px|3px|3px&#8220;][\/et_pb_image][\/et_pb_column][et_pb_column type=&#8220;2_5&#8243; _builder_version=&#8220;3.25&#8243; custom_padding=&#8220;60px|8%||8%&#8220; custom_padding_tablet=&#8220;|10%||10%||true&#8220; custom_padding_phone=&#8220;&#8220; custom_padding_last_edited=&#8220;on|tablet&#8220; padding_tablet=&#8220;|10%||10%||true&#8220; padding_last_edited=&#8220;on|tablet&#8220; custom_padding__hover=&#8220;|||&#8220;][et_pb_blurb title=&#8220;Posiluje imunitu matky i d\u00edt\u011bte&#8220; use_icon=&#8220;on&#8220; font_icon=&#8220;%%45%%&#8220; icon_placement=&#8220;left&#8220; content_max_width=&#8220;1100px&#8220; use_icon_font_size=&#8220;on&#8220; icon_font_size=&#8220;20px&#8220; _builder_version=&#8220;4.8.2&#8243; header_font=&#8220;|600|||||||&#8220; header_font_size=&#8220;18px&#8220; custom_margin=&#8220;||10px|&#8220; custom_padding=&#8220;0px|||||&#8220; animation_style=&#8220;slide&#8220; animation_direction=&#8220;left&#8220; animation_intensity_slide=&#8220;4%&#8220; animation=&#8220;off&#8220; locked=&#8220;off&#8220;][\/et_pb_blurb][et_pb_blurb title=&#8220;Napom\u00e1h\u00e1 p\u0159i bolesti zad&#8220; use_icon=&#8220;on&#8220; font_icon=&#8220;%%45%%&#8220; icon_placement=&#8220;left&#8220; content_max_width=&#8220;1100px&#8220; use_icon_font_size=&#8220;on&#8220; icon_font_size=&#8220;20px&#8220; _builder_version=&#8220;4.7.7&#8243; header_font=&#8220;|600|||||||&#8220; header_font_size=&#8220;18px&#8220; custom_margin=&#8220;||10px|&#8220; custom_padding=&#8220;0px|||||&#8220; animation_style=&#8220;slide&#8220; animation_direction=&#8220;left&#8220; animation_intensity_slide=&#8220;4%&#8220; animation=&#8220;off&#8220; locked=&#8220;off&#8220;][\/et_pb_blurb][et_pb_blurb title=&#8220;Je skv\u011blou relaxac\u00ed &#8220; use_icon=&#8220;on&#8220; font_icon=&#8220;%%45%%&#8220; icon_placement=&#8220;left&#8220; content_max_width=&#8220;1100px&#8220; use_icon_font_size=&#8220;on&#8220; icon_font_size=&#8220;20px&#8220; _builder_version=&#8220;4.7.7&#8243; header_font=&#8220;|600|||||||&#8220; header_font_size=&#8220;18px&#8220; custom_margin=&#8220;||10px|&#8220; custom_padding=&#8220;0px|||||&#8220; animation_style=&#8220;slide&#8220; animation_direction=&#8220;left&#8220; animation_intensity_slide=&#8220;4%&#8220; animation=&#8220;off&#8220; locked=&#8220;off&#8220;][\/et_pb_blurb][et_pb_blurb title=&#8220;Uvol\u0148uje mysl&#8220; use_icon=&#8220;on&#8220; font_icon=&#8220;%%45%%&#8220; icon_placement=&#8220;left&#8220; content_max_width=&#8220;1100px&#8220; use_icon_font_size=&#8220;on&#8220; icon_font_size=&#8220;20px&#8220; _builder_version=&#8220;4.7.7&#8243; header_font=&#8220;|600|||||||&#8220; header_font_size=&#8220;18px&#8220; custom_margin=&#8220;||10px|&#8220; custom_padding=&#8220;0px|||||&#8220; animation_style=&#8220;slide&#8220; animation_direction=&#8220;left&#8220; animation_intensity_slide=&#8220;4%&#8220; animation=&#8220;off&#8220; locked=&#8220;off&#8220;][\/et_pb_blurb][et_pb_blurb title=&#8220;M\u00e1 skv\u011bl\u00e9 harmoniza\u010dn\u00ed schopnosti  &#8220; use_icon=&#8220;on&#8220; font_icon=&#8220;%%45%%&#8220; icon_placement=&#8220;left&#8220; content_max_width=&#8220;1100px&#8220; use_icon_font_size=&#8220;on&#8220; icon_font_size=&#8220;20px&#8220; _builder_version=&#8220;4.7.7&#8243; header_font=&#8220;|600|||||||&#8220; header_font_size=&#8220;18px&#8220; custom_margin=&#8220;||10px|&#8220; custom_padding=&#8220;0px|||||&#8220; animation_style=&#8220;slide&#8220; animation_direction=&#8220;left&#8220; animation_intensity_slide=&#8220;4%&#8220; animation=&#8220;off&#8220; locked=&#8220;off&#8220;][\/et_pb_blurb][et_pb_blurb title=&#8220;P\u016fsob\u00ed celistv\u011b na celou \u017eivou du\u0161i&#8220; use_icon=&#8220;on&#8220; font_icon=&#8220;%%45%%&#8220; icon_placement=&#8220;left&#8220; content_max_width=&#8220;1100px&#8220; use_icon_font_size=&#8220;on&#8220; icon_font_size=&#8220;20px&#8220; _builder_version=&#8220;4.8.2&#8243; header_font=&#8220;|600|||||||&#8220; custom_margin=&#8220;||40px||false|false&#8220; custom_padding=&#8220;0px|||||&#8220; animation_style=&#8220;slide&#8220; animation_direction=&#8220;left&#8220; animation_intensity_slide=&#8220;4%&#8220; animation=&#8220;off&#8220; locked=&#8220;off&#8220;][\/et_pb_blurb][\/et_pb_column][\/et_pb_row][\/et_pb_section][et_pb_section fb_built=&#8220;1&#8243; prev_background_color=&#8220;#ffffff&#8220; next_background_color=&#8220;#ffffff&#8220; admin_label=&#8220;Features&#8220; _builder_version=&#8220;4.9.2&#8243; background_color=&#8220;RGBA(0,0,0,0)&#8220; height_tablet=&#8220;&#8220; height_phone=&#8220;&#8220; height_last_edited=&#8220;on|phone&#8220; custom_margin=&#8220;1px||-18px||false|false&#8220; custom_margin_tablet=&#8220;&#8220; custom_margin_phone=&#8220;&#8220; custom_margin_last_edited=&#8220;on|phone&#8220; custom_padding=&#8220;0||62px||false|false&#8220; top_divider_style=&#8220;wave2&#8243; top_divider_height=&#8220;148px&#8220; bottom_divider_style=&#8220;wave&#8220; global_module=&#8220;1820&#8243; saved_tabs=&#8220;all&#8220; locked=&#8220;off&#8220;][et_pb_row _builder_version=&#8220;4.8.1&#8243; _module_preset=&#8220;default&#8220;][et_pb_column type=&#8220;4_4&#8243; _builder_version=&#8220;4.8.1&#8243; _module_preset=&#8220;default&#8220;][et_pb_text _builder_version=&#8220;4.9.0&#8243; _module_preset=&#8220;default&#8220; text_font=&#8220;Italianno||||||||&#8220; text_text_color=&#8220;#3f5900&#8243; text_font_size=&#8220;40px&#8220; text_line_height=&#8220;1.8em&#8220; custom_padding=&#8220;20px|||||&#8220;][\/et_pb_text][\/et_pb_column][\/et_pb_row][\/et_pb_section][et_pb_section fb_built=&#8220;1&#8243; _builder_version=&#8220;4.7.7&#8243; _module_preset=&#8220;default&#8220; global_module=&#8220;6066&#8243; saved_tabs=&#8220;all&#8220;][et_pb_row _builder_version=&#8220;4.8.2&#8243; _module_preset=&#8220;default&#8220;][et_pb_column type=&#8220;4_4&#8243; _builder_version=&#8220;4.8.2&#8243; _module_preset=&#8220;default&#8220;][et_pb_text _builder_version=&#8220;4.9.2&#8243; _module_preset=&#8220;default&#8220;]<\/p>\n<h2 style=\"text-align: center;\">Moje dal\u0161\u00ed slu\u017eby pro v\u00e1s<\/h2>\n<p>[\/et_pb_text][et_pb_divider _builder_version=&#8220;4.9.2&#8243; _module_preset=&#8220;default&#8220; width=&#8220;50px&#8220; module_alignment=&#8220;center&#8220;][\/et_pb_divider][\/et_pb_column][\/et_pb_row][et_pb_row column_structure=&#8220;1_4,1_4,1_4,1_4&#8243; use_custom_gutter=&#8220;on&#8220; gutter_width=&#8220;1&#8243; make_equal=&#8220;on&#8220; _builder_version=&#8220;4.9.2&#8243; _module_preset=&#8220;default&#8220; border_color_right=&#8220;#560036&#8243;][et_pb_column type=&#8220;1_4&#8243; _builder_version=&#8220;4.8.2&#8243; _module_preset=&#8220;default&#8220;][et_pb_toggle title=&#8220;Aromap\u00e9\u010de&#8220; open_toggle_text_color=&#8220;#560036&#8243; icon_color=&#8220;#560036&#8243; _builder_version=&#8220;4.9.1&#8243; _module_preset=&#8220;default&#8220; title_text_color=&#8220;#560036&#8243; title_font=&#8220;||on||||||&#8220; background_color=&#8220;#FFFFFF&#8220; link_option_url=&#8220;https:\/\/aromapflege.tirol\/cs\/co-nabizim\/aromapece-o-telo\/&#8220; border_width_all=&#8220;0px&#8220; border_width_right=&#8220;1px&#8220; border_color_right=&#8220;#560036&#8243; border_radii_last_edited=&#8220;off|phone&#8220;]<\/p>\n<p>Synergie pohyb\u016f a technik, kter\u00e9 pe\u010duj\u00ed nejen o fyzickou, ale i du\u0161evn\u00ed str\u00e1nku t\u011bla. Esence z rostlin jsou aplikov\u00e1ny p\u0159es k\u016f\u017ei do t\u011bla a na z\u00e1klad\u011b jejich vlastnost\u00ed podporuj\u00ed zdrav\u00ed jedince.<\/p>\n<p><a href=\"https:\/\/aromapflege.tirol\/cs\/co-nabizim\/aromapece\/\" target=\"_blank\" rel=\"noopener noreferrer\">V\u00edce info &gt;&gt;<\/a><\/p>\n<p>[\/et_pb_toggle][et_pb_toggle title=&#8220;Bylinky &#038; Co.&#8220; open_toggle_text_color=&#8220;#560036&#8243; icon_color=&#8220;#560036&#8243; _builder_version=&#8220;4.9.1&#8243; _module_preset=&#8220;default&#8220; title_text_color=&#8220;#560036&#8243; title_font=&#8220;||on||||||&#8220; background_color=&#8220;#FFFFFF&#8220; link_option_url=&#8220;https:\/\/aromapflege.tirol\/cs\/co-nabizim\/bylinky\/&#8220; border_width_all=&#8220;0px&#8220; border_width_right=&#8220;1px&#8220; border_color_right=&#8220;#560036&#8243;]<\/p>\n<p>L\u00e9\u010div\u00e9 rostliny su\u0161en\u00e9 a nebo produkty z nich vyroben\u00e9. Tinktury, masti, vyku\u0159ovac\u00ed sm\u011bsi a dal\u0161\u00ed. V\u0161e, co p\u0159\u00edroda vyrobila, j\u00e1 jen v p\u0159irozen\u00e9m prost\u0159ed\u00ed bylin pro V\u00e1s nasb\u00edrala.<\/p>\n<p><a href=\"https:\/\/aromapflege.tirol\/cs\/co-nabizim\/bylinky\/\">V\u00edce info\u00a0&gt;&gt;<\/a><\/p>\n<p>[\/et_pb_toggle][\/et_pb_column][et_pb_column type=&#8220;1_4&#8243; _builder_version=&#8220;4.8.2&#8243; _module_preset=&#8220;default&#8220;][et_pb_toggle title=&#8220;Osobn\u00ed v\u016fn\u011b&#8220; open_toggle_text_color=&#8220;#560036&#8243; icon_color=&#8220;#560036&#8243; _builder_version=&#8220;4.9.2&#8243; _module_preset=&#8220;default&#8220; title_text_color=&#8220;#560036&#8243; title_font=&#8220;||on||||||&#8220; background_color=&#8220;#FFFFFF&#8220; link_option_url=&#8220;https:\/\/aromapflege.tirol\/cs\/co-nabizim\/osobni-vune\/&#8220; border_width_all=&#8220;0px&#8220; border_width_right=&#8220;1px&#8220; border_color_right=&#8220;#560036&#8243;]<\/p>\n<p>Souhra p\u0159\u00edrodn\u00edch v\u016fn\u00ed vybran\u00fdch\u00a0dle va\u0161ich pot\u0159eb a naturelu. Na z\u00e1klad\u011b Va\u0161eho rozpolo\u017een\u00ed a aktu\u00e1ln\u00edho zdravotn\u00edho stavu nam\u00edch\u00e1m jedine\u010dnou v\u016fni p\u0159\u00edmo pro V\u00e1s. Sm\u011bs je vhodn\u00e9 vyu\u017e\u00edt tak\u00e9 pro aromap\u00e9\u010di o t\u011blo.<\/p>\n<p><a href=\"https:\/\/aromapflege.tirol\/cs\/co-nabizim\/osobni-vune\/\">V\u00edce info\u00a0&gt;&gt;<\/a><\/p>\n<p>[\/et_pb_toggle][et_pb_toggle title=&#8220;Kurzy&#8220; open_toggle_text_color=&#8220;#560036&#8243; icon_color=&#8220;#560036&#8243; _builder_version=&#8220;4.9.2&#8243; _module_preset=&#8220;default&#8220; title_text_color=&#8220;#560036&#8243; title_font=&#8220;||on||||||&#8220; background_color=&#8220;#FFFFFF&#8220; link_option_url=&#8220;https:\/\/aromapflege.tirol\/cs\/co-nabizim\/kurzy\/&#8220; border_width_all=&#8220;0px&#8220; border_width_right=&#8220;1px&#8220; border_color_right=&#8220;#560036&#8243;]<\/p>\n<p>Vzd\u011bl\u00e1v\u00e1n\u00ed je jedn\u00edm pil\u00ed\u0159em k \u00fasp\u011bchu. V\u00fdukov\u00e9 a vzd\u011bl\u00e1vac\u00ed programy formou workshop\u016f, semin\u00e1\u0159\u016f i p\u0159edn\u00e1\u0161ek. Prezen\u010dn\u00ed i ONLINE forma.<\/p>\n<p><a href=\"https:\/\/aromapflege.tirol\/cs\/co-nabizim\/kurzy\/\">V\u00edce info\u00a0&gt;&gt;<\/a><\/p>\n<p>[\/et_pb_toggle][\/et_pb_column][et_pb_column type=&#8220;1_4&#8243; _builder_version=&#8220;4.8.2&#8243; _module_preset=&#8220;default&#8220;][et_pb_toggle title=&#8220;Pro  t\u011bhotn\u00e9&#8220; open_toggle_text_color=&#8220;#560036&#8243; icon_color=&#8220;#560036&#8243; _builder_version=&#8220;4.9.2&#8243; _module_preset=&#8220;default&#8220; title_text_color=&#8220;#560036&#8243; title_font=&#8220;||on||||||&#8220; background_color=&#8220;#FFFFFF&#8220; link_option_url=&#8220;https:\/\/aromapflege.tirol\/cs\/co-nabizim\/tehu\/&#8220; border_width_all=&#8220;0px&#8220; border_color_all=&#8220;#560036&#8243; border_width_right=&#8220;1px&#8220;]<\/p>\n<p>Po\u017eehnan\u00fd stav \u017eeny vy\u017eaduje zvl\u00e1\u0161tn\u00ed p\u00e9\u010di. T\u011bhotensk\u00e1 mas\u00e1\u017e vyu\u017e\u00edv\u00e1 jemn\u00fdch technik, p\u0159i kter\u00e9 jsou kvalitn\u00ed oleje vt\u00edr\u00e1ny do k\u016f\u017ee a zaru\u010duj\u00ed p\u0159\u00edjemn\u00fd pocit matce i d\u00edt\u011bti.<\/p>\n<p><a href=\"https:\/\/aromapflege.tirol\/cs\/co-nabizim\/tehu\/\">V\u00edce info\u00a0&gt;&gt;<\/a><\/p>\n<p>[\/et_pb_toggle][\/et_pb_column][et_pb_column type=&#8220;1_4&#8243; _builder_version=&#8220;4.8.2&#8243; _module_preset=&#8220;default&#8220;][et_pb_toggle title=&#8220;Pro mas\u00e9ry&#8220; open_toggle_text_color=&#8220;#560036&#8243; icon_color=&#8220;#560036&#8243; disabled_on=&#8220;off|off|on&#8220; _builder_version=&#8220;4.9.2&#8243; _module_preset=&#8220;default&#8220; title_text_color=&#8220;#560036&#8243; title_font=&#8220;||on||||||&#8220; background_color=&#8220;#FFFFFF&#8220; link_option_url=&#8220;https:\/\/aromapflege.tirol\/cs\/co-nabizim\/bylinky\/&#8220; border_width_all=&#8220;0px&#8220; border_width_right=&#8220;1px&#8220; border_color_right=&#8220;#560036&#8243;]<\/p>\n<ul>\n<li style=\"text-align: left;\"><span style=\"text-align: left;\">praktick\u00e1 aromata\u0161ka na \u00e9terick\u00e9 \u00a0a rostlinn\u00e9 oleje<\/span><\/li>\n<li style=\"text-align: left;\">byteln\u00e9 obaly na p\u0159enosn\u00e9 mas\u00e9rsk\u00e9 stoly<\/li>\n<li style=\"text-align: left;\">pevn\u00e9 ta\u0161ky na ru\u010dn\u00edky a jin\u00e9 pom\u016fcky mas\u00e9ra<\/li>\n<\/ul>\n<p style=\"text-align: center;\"><strong>Str\u00e1nka nen\u00ed moment\u00e1ln\u011b dostupn\u00e1, proto\u017ee ji upravuji. \u270d\ufe0f<\/strong><\/p>\n<p>&nbsp;<\/p>\n<p>[\/et_pb_toggle][\/et_pb_column][\/et_pb_row][\/et_pb_section][et_pb_section fb_built=&#8220;1&#8243; _builder_version=&#8220;4.9.2&#8243; _module_preset=&#8220;default&#8220; background_color=&#8220;rgba(255,255,255,0.5)&#8220; background_image=&#8220;https:\/\/aromapflege.tirol\/wp-content\/uploads\/2021\/03\/Design-ohne-Titel-2.png&#8220; saved_tabs=&#8220;all&#8220;][et_pb_row use_custom_gutter=&#8220;on&#8220; make_equal=&#8220;on&#8220; _builder_version=&#8220;4.9.1&#8243; _module_preset=&#8220;default&#8220;][et_pb_column type=&#8220;4_4&#8243; _builder_version=&#8220;4.9.1&#8243; _module_preset=&#8220;default&#8220; background_color=&#8220;#FFFFFF&#8220;][et_pb_text _builder_version=&#8220;4.9.2&#8243; _module_preset=&#8220;default&#8220; text_font=&#8220;Cormorant Garamond|||on|||||&#8220; text_text_color=&#8220;#ffffff&#8220; text_font_size=&#8220;30px&#8220; header_text_color=&#8220;#ffffff&#8220; header_2_text_color=&#8220;#560036&#8243; transform_scale=&#8220;98%|98%&#8220; custom_margin=&#8220;20px||-20px||false|false&#8220; border_radii=&#8220;on|3px|3px|3px|3px&#8220; border_color_all=&#8220;#577c00&#8243; transform_styles__hover_enabled=&#8220;on|hover&#8220; transform_translate__hover_enabled=&#8220;on|desktop&#8220; transform_rotate__hover_enabled=&#8220;on|desktop&#8220; transform_skew__hover_enabled=&#8220;on|desktop&#8220; transform_origin__hover_enabled=&#8220;on|desktop&#8220; transform_scale__hover=&#8220;105%|105%&#8220; transform_scale__hover_enabled=&#8220;on|hover&#8220;]<\/p>\n<h3 style=\"text-align: center;\">Cht\u011bli byste mi n\u011bco sd\u011blit? \u00a0Chcete si dop\u0159\u00e1t aromap\u00e9\u010di?<\/h3>\n<p>[\/et_pb_text][et_pb_contact_form email=&#8220;vondrus@gmail.com&#8220; _builder_version=&#8220;4.9.1&#8243; _module_preset=&#8220;default&#8220; form_field_text_color=&#8220;#577c00&#8243; captcha_text_color=&#8220;#560036&#8243; custom_button=&#8220;on&#8220; button_text_color=&#8220;#560036&#8243; custom_margin=&#8220;40px|40px|30px|40px|false|true&#8220; border_radii=&#8220;on|3px|3px|3px|3px&#8220;][et_pb_contact_field field_id=&#8220;Name&#8220; field_title=&#8220;Jm\u00e9no&#8220; _builder_version=&#8220;4.7.7&#8243; border_radii=&#8220;on|3px|3px|3px|3px&#8220; button_text_size__hover_enabled=&#8220;off&#8220; button_one_text_size__hover_enabled=&#8220;off&#8220; button_two_text_size__hover_enabled=&#8220;off&#8220; button_text_color__hover_enabled=&#8220;off&#8220; button_one_text_color__hover_enabled=&#8220;off&#8220; button_two_text_color__hover_enabled=&#8220;off&#8220; button_border_width__hover_enabled=&#8220;off&#8220; button_one_border_width__hover_enabled=&#8220;off&#8220; button_two_border_width__hover_enabled=&#8220;off&#8220; button_border_color__hover_enabled=&#8220;off&#8220; button_one_border_color__hover_enabled=&#8220;off&#8220; button_two_border_color__hover_enabled=&#8220;off&#8220; button_border_radius__hover_enabled=&#8220;off&#8220; button_one_border_radius__hover_enabled=&#8220;off&#8220; button_two_border_radius__hover_enabled=&#8220;off&#8220; button_letter_spacing__hover_enabled=&#8220;off&#8220; button_one_letter_spacing__hover_enabled=&#8220;off&#8220; button_two_letter_spacing__hover_enabled=&#8220;off&#8220; button_bg_color__hover_enabled=&#8220;off&#8220; button_one_bg_color__hover_enabled=&#8220;off&#8220; button_two_bg_color__hover_enabled=&#8220;off&#8220;][\/et_pb_contact_field][et_pb_contact_field field_id=&#8220;Email&#8220; field_title=&#8220;E-mailov\u00e1 adresa&#8220; field_type=&#8220;email&#8220; _builder_version=&#8220;4.7.7&#8243; border_radii=&#8220;on|3px|3px|3px|3px&#8220; button_text_size__hover_enabled=&#8220;off&#8220; button_one_text_size__hover_enabled=&#8220;off&#8220; button_two_text_size__hover_enabled=&#8220;off&#8220; button_text_color__hover_enabled=&#8220;off&#8220; button_one_text_color__hover_enabled=&#8220;off&#8220; button_two_text_color__hover_enabled=&#8220;off&#8220; button_border_width__hover_enabled=&#8220;off&#8220; button_one_border_width__hover_enabled=&#8220;off&#8220; button_two_border_width__hover_enabled=&#8220;off&#8220; button_border_color__hover_enabled=&#8220;off&#8220; button_one_border_color__hover_enabled=&#8220;off&#8220; button_two_border_color__hover_enabled=&#8220;off&#8220; button_border_radius__hover_enabled=&#8220;off&#8220; button_one_border_radius__hover_enabled=&#8220;off&#8220; button_two_border_radius__hover_enabled=&#8220;off&#8220; button_letter_spacing__hover_enabled=&#8220;off&#8220; button_one_letter_spacing__hover_enabled=&#8220;off&#8220; button_two_letter_spacing__hover_enabled=&#8220;off&#8220; button_bg_color__hover_enabled=&#8220;off&#8220; button_one_bg_color__hover_enabled=&#8220;off&#8220; button_two_bg_color__hover_enabled=&#8220;off&#8220;][\/et_pb_contact_field][et_pb_contact_field field_id=&#8220;Message&#8220; field_title=&#8220;Zpr\u00e1va&#8220; field_type=&#8220;text&#8220; fullwidth_field=&#8220;on&#8220; _builder_version=&#8220;4.7.7&#8243; border_radii=&#8220;on|3px|3px|3px|3px&#8220; button_text_size__hover_enabled=&#8220;off&#8220; button_one_text_size__hover_enabled=&#8220;off&#8220; button_two_text_size__hover_enabled=&#8220;off&#8220; button_text_color__hover_enabled=&#8220;off&#8220; button_one_text_color__hover_enabled=&#8220;off&#8220; button_two_text_color__hover_enabled=&#8220;off&#8220; button_border_width__hover_enabled=&#8220;off&#8220; button_one_border_width__hover_enabled=&#8220;off&#8220; button_two_border_width__hover_enabled=&#8220;off&#8220; button_border_color__hover_enabled=&#8220;off&#8220; button_one_border_color__hover_enabled=&#8220;off&#8220; button_two_border_color__hover_enabled=&#8220;off&#8220; button_border_radius__hover_enabled=&#8220;off&#8220; button_one_border_radius__hover_enabled=&#8220;off&#8220; button_two_border_radius__hover_enabled=&#8220;off&#8220; button_letter_spacing__hover_enabled=&#8220;off&#8220; button_one_letter_spacing__hover_enabled=&#8220;off&#8220; button_two_letter_spacing__hover_enabled=&#8220;off&#8220; button_bg_color__hover_enabled=&#8220;off&#8220; button_one_bg_color__hover_enabled=&#8220;off&#8220; button_two_bg_color__hover_enabled=&#8220;off&#8220;][\/et_pb_contact_field][\/et_pb_contact_form][\/et_pb_column][\/et_pb_row][\/et_pb_section]<\/p>\n","protected":false},"excerpt":{"rendered":"<p>Aromap\u00e9\u010de pro t\u011bhotn\u00e9 V\u00fdjme\u010dn\u00e1 p\u00e9\u010de pro v\u00fdjme\u010dn\u00fd stav \u017eenyNechat se h\u00fd\u010dkat a laskav\u011b ope\u010dov\u00e1vat k t\u011bhotenstv\u00ed pat\u0159\u00ed. Starost\u00ed o sv\u00e9 t\u011blo projevuje \u017eena tak\u00e9 p\u00e9\u010di o sv\u00e9 d\u00edt\u011b, kter\u00e9 se v jej\u00edm l\u016fn\u011b vyv\u00edj\u00ed. T\u011bhotensk\u00e1 aromap\u00e9\u010de m\u016f\u017ee v\u00fdrazn\u011b m\u00edrnit stavy, kter\u00e1 \u017eena pro\u017e\u00edv\u00e1 vlivem p\u0159irozen\u00fdch zm\u011bn tohoto obdob\u00ed. Je to skv\u011bl\u00fd zp\u016fsob relaxace a harmonizace [&hellip;]<\/p>\n","protected":false},"author":1,"featured_media":0,"parent":15,"menu_order":0,"comment_status":"closed","ping_status":"closed","template":"","meta":{"_et_pb_use_builder":"on","_et_pb_old_content":"","_et_gb_content_width":"","footnotes":""},"class_list":["post-1164","page","type-page","status-publish","hentry"],"yoast_head":"<!-- This site is optimized with the Yoast SEO plugin v27.5 - https:\/\/yoast.com\/product\/yoast-seo-wordpress\/ -->\n<title>P\u00e9\u010de o t\u011bhotnou \u017eenu - aromapflege.tirol<\/title>\n<meta name=\"robots\" content=\"index, follow, max-snippet:-1, max-image-preview:large, max-video-preview:-1\" \/>\n<link rel=\"canonical\" href=\"https:\/\/aromapflege.tirol\/cs\/co-nabizim\/tehu\/\" \/>\n<meta property=\"og:locale\" content=\"cs_CZ\" \/>\n<meta property=\"og:type\" content=\"article\" \/>\n<meta property=\"og:title\" content=\"P\u00e9\u010de o t\u011bhotnou \u017eenu - aromapflege.tirol\" \/>\n<meta property=\"og:description\" content=\"Aromap\u00e9\u010de pro t\u011bhotn\u00e9 V\u00fdjme\u010dn\u00e1 p\u00e9\u010de pro v\u00fdjme\u010dn\u00fd stav \u017eenyNechat se h\u00fd\u010dkat a laskav\u011b ope\u010dov\u00e1vat k t\u011bhotenstv\u00ed pat\u0159\u00ed. Starost\u00ed o sv\u00e9 t\u011blo projevuje \u017eena tak\u00e9 p\u00e9\u010di o sv\u00e9 d\u00edt\u011b, kter\u00e9 se v jej\u00edm l\u016fn\u011b vyv\u00edj\u00ed. T\u011bhotensk\u00e1 aromap\u00e9\u010de m\u016f\u017ee v\u00fdrazn\u011b m\u00edrnit stavy, kter\u00e1 \u017eena pro\u017e\u00edv\u00e1 vlivem p\u0159irozen\u00fdch zm\u011bn tohoto obdob\u00ed. Je to skv\u011bl\u00fd zp\u016fsob relaxace a harmonizace [&hellip;]\" \/>\n<meta property=\"og:url\" content=\"https:\/\/aromapflege.tirol\/cs\/co-nabizim\/tehu\/\" \/>\n<meta property=\"og:site_name\" content=\"aromapflege.tirol\" \/>\n<meta property=\"article:modified_time\" content=\"2021-04-04T22:15:39+00:00\" \/>\n<meta property=\"og:image\" content=\"https:\/\/aromapflege.tirol\/wp-content\/uploads\/2021\/02\/IMG_4132-scaled-e1619647109686.jpeg\" \/>\n\t<meta property=\"og:image:width\" content=\"640\" \/>\n\t<meta property=\"og:image:height\" content=\"427\" \/>\n\t<meta property=\"og:image:type\" content=\"image\/jpeg\" \/>\n<meta name=\"twitter:card\" content=\"summary_large_image\" \/>\n<meta name=\"twitter:label1\" content=\"Odhadovan\u00e1 doba \u010dten\u00ed\" \/>\n\t<meta name=\"twitter:data1\" content=\"20 minut\" \/>\n<script type=\"application\/ld+json\" class=\"yoast-schema-graph\">{\"@context\":\"https:\\\/\\\/schema.org\",\"@graph\":[{\"@type\":\"WebPage\",\"@id\":\"https:\\\/\\\/aromapflege.tirol\\\/cs\\\/co-nabizim\\\/tehu\\\/\",\"url\":\"https:\\\/\\\/aromapflege.tirol\\\/cs\\\/co-nabizim\\\/tehu\\\/\",\"name\":\"P\u00e9\u010de o t\u011bhotnou \u017eenu - aromapflege.tirol\",\"isPartOf\":{\"@id\":\"https:\\\/\\\/aromapflege.tirol\\\/cs\\\/#website\"},\"datePublished\":\"2020-12-20T19:29:14+00:00\",\"dateModified\":\"2021-04-04T22:15:39+00:00\",\"breadcrumb\":{\"@id\":\"https:\\\/\\\/aromapflege.tirol\\\/cs\\\/co-nabizim\\\/tehu\\\/#breadcrumb\"},\"inLanguage\":\"cs\",\"potentialAction\":[{\"@type\":\"ReadAction\",\"target\":[\"https:\\\/\\\/aromapflege.tirol\\\/cs\\\/co-nabizim\\\/tehu\\\/\"]}]},{\"@type\":\"BreadcrumbList\",\"@id\":\"https:\\\/\\\/aromapflege.tirol\\\/cs\\\/co-nabizim\\\/tehu\\\/#breadcrumb\",\"itemListElement\":[{\"@type\":\"ListItem\",\"position\":1,\"name\":\"Dom\u016f\",\"item\":\"https:\\\/\\\/aromapflege.tirol\\\/cs\\\/\"},{\"@type\":\"ListItem\",\"position\":2,\"name\":\"Nab\u00edz\u00edm\",\"item\":\"https:\\\/\\\/aromapflege.tirol\\\/cs\\\/co-nabizim\\\/\"},{\"@type\":\"ListItem\",\"position\":3,\"name\":\"P\u00e9\u010de o t\u011bhotnou \u017eenu\"}]},{\"@type\":\"WebSite\",\"@id\":\"https:\\\/\\\/aromapflege.tirol\\\/cs\\\/#website\",\"url\":\"https:\\\/\\\/aromapflege.tirol\\\/cs\\\/\",\"name\":\"aromapflege.tirol\",\"description\":\"Kr\u00e4uterkunde\\\/Aromaterapie, bylinky, zdrav\u00fd \u017eivotn\u00ed styl\",\"publisher\":{\"@id\":\"https:\\\/\\\/aromapflege.tirol\\\/cs\\\/#\\\/schema\\\/person\\\/bac5e755ac463f6bca2cd1c449700ba5\"},\"potentialAction\":[{\"@type\":\"SearchAction\",\"target\":{\"@type\":\"EntryPoint\",\"urlTemplate\":\"https:\\\/\\\/aromapflege.tirol\\\/cs\\\/?s={search_term_string}\"},\"query-input\":{\"@type\":\"PropertyValueSpecification\",\"valueRequired\":true,\"valueName\":\"search_term_string\"}}],\"inLanguage\":\"cs\"},{\"@type\":[\"Person\",\"Organization\"],\"@id\":\"https:\\\/\\\/aromapflege.tirol\\\/cs\\\/#\\\/schema\\\/person\\\/bac5e755ac463f6bca2cd1c449700ba5\",\"name\":\"Veronika\",\"image\":{\"@type\":\"ImageObject\",\"inLanguage\":\"cs\",\"@id\":\"https:\\\/\\\/aromapflege.tirol\\\/wp-content\\\/uploads\\\/2020\\\/11\\\/NemcovaLogo2.png\",\"url\":\"https:\\\/\\\/aromapflege.tirol\\\/wp-content\\\/uploads\\\/2020\\\/11\\\/NemcovaLogo2.png\",\"contentUrl\":\"https:\\\/\\\/aromapflege.tirol\\\/wp-content\\\/uploads\\\/2020\\\/11\\\/NemcovaLogo2.png\",\"width\":1916,\"height\":1229,\"caption\":\"Veronika\"},\"logo\":{\"@id\":\"https:\\\/\\\/aromapflege.tirol\\\/wp-content\\\/uploads\\\/2020\\\/11\\\/NemcovaLogo2.png\"}}]}<\/script>\n<!-- \/ Yoast SEO plugin. -->","yoast_head_json":{"title":"P\u00e9\u010de o t\u011bhotnou \u017eenu - aromapflege.tirol","robots":{"index":"index","follow":"follow","max-snippet":"max-snippet:-1","max-image-preview":"max-image-preview:large","max-video-preview":"max-video-preview:-1"},"canonical":"https:\/\/aromapflege.tirol\/cs\/co-nabizim\/tehu\/","og_locale":"cs_CZ","og_type":"article","og_title":"P\u00e9\u010de o t\u011bhotnou \u017eenu - aromapflege.tirol","og_description":"Aromap\u00e9\u010de pro t\u011bhotn\u00e9 V\u00fdjme\u010dn\u00e1 p\u00e9\u010de pro v\u00fdjme\u010dn\u00fd stav \u017eenyNechat se h\u00fd\u010dkat a laskav\u011b ope\u010dov\u00e1vat k t\u011bhotenstv\u00ed pat\u0159\u00ed. Starost\u00ed o sv\u00e9 t\u011blo projevuje \u017eena tak\u00e9 p\u00e9\u010di o sv\u00e9 d\u00edt\u011b, kter\u00e9 se v jej\u00edm l\u016fn\u011b vyv\u00edj\u00ed. T\u011bhotensk\u00e1 aromap\u00e9\u010de m\u016f\u017ee v\u00fdrazn\u011b m\u00edrnit stavy, kter\u00e1 \u017eena pro\u017e\u00edv\u00e1 vlivem p\u0159irozen\u00fdch zm\u011bn tohoto obdob\u00ed. Je to skv\u011bl\u00fd zp\u016fsob relaxace a harmonizace [&hellip;]","og_url":"https:\/\/aromapflege.tirol\/cs\/co-nabizim\/tehu\/","og_site_name":"aromapflege.tirol","article_modified_time":"2021-04-04T22:15:39+00:00","og_image":[{"width":640,"height":427,"url":"https:\/\/aromapflege.tirol\/wp-content\/uploads\/2021\/02\/IMG_4132-scaled-e1619647109686.jpeg","type":"image\/jpeg"}],"twitter_card":"summary_large_image","twitter_misc":{"Odhadovan\u00e1 doba \u010dten\u00ed":"20 minut"},"schema":{"@context":"https:\/\/schema.org","@graph":[{"@type":"WebPage","@id":"https:\/\/aromapflege.tirol\/cs\/co-nabizim\/tehu\/","url":"https:\/\/aromapflege.tirol\/cs\/co-nabizim\/tehu\/","name":"P\u00e9\u010de o t\u011bhotnou \u017eenu - aromapflege.tirol","isPartOf":{"@id":"https:\/\/aromapflege.tirol\/cs\/#website"},"datePublished":"2020-12-20T19:29:14+00:00","dateModified":"2021-04-04T22:15:39+00:00","breadcrumb":{"@id":"https:\/\/aromapflege.tirol\/cs\/co-nabizim\/tehu\/#breadcrumb"},"inLanguage":"cs","potentialAction":[{"@type":"ReadAction","target":["https:\/\/aromapflege.tirol\/cs\/co-nabizim\/tehu\/"]}]},{"@type":"BreadcrumbList","@id":"https:\/\/aromapflege.tirol\/cs\/co-nabizim\/tehu\/#breadcrumb","itemListElement":[{"@type":"ListItem","position":1,"name":"Dom\u016f","item":"https:\/\/aromapflege.tirol\/cs\/"},{"@type":"ListItem","position":2,"name":"Nab\u00edz\u00edm","item":"https:\/\/aromapflege.tirol\/cs\/co-nabizim\/"},{"@type":"ListItem","position":3,"name":"P\u00e9\u010de o t\u011bhotnou \u017eenu"}]},{"@type":"WebSite","@id":"https:\/\/aromapflege.tirol\/cs\/#website","url":"https:\/\/aromapflege.tirol\/cs\/","name":"aromapflege.tirol","description":"Kr\u00e4uterkunde\/Aromaterapie, bylinky, zdrav\u00fd \u017eivotn\u00ed styl","publisher":{"@id":"https:\/\/aromapflege.tirol\/cs\/#\/schema\/person\/bac5e755ac463f6bca2cd1c449700ba5"},"potentialAction":[{"@type":"SearchAction","target":{"@type":"EntryPoint","urlTemplate":"https:\/\/aromapflege.tirol\/cs\/?s={search_term_string}"},"query-input":{"@type":"PropertyValueSpecification","valueRequired":true,"valueName":"search_term_string"}}],"inLanguage":"cs"},{"@type":["Person","Organization"],"@id":"https:\/\/aromapflege.tirol\/cs\/#\/schema\/person\/bac5e755ac463f6bca2cd1c449700ba5","name":"Veronika","image":{"@type":"ImageObject","inLanguage":"cs","@id":"https:\/\/aromapflege.tirol\/wp-content\/uploads\/2020\/11\/NemcovaLogo2.png","url":"https:\/\/aromapflege.tirol\/wp-content\/uploads\/2020\/11\/NemcovaLogo2.png","contentUrl":"https:\/\/aromapflege.tirol\/wp-content\/uploads\/2020\/11\/NemcovaLogo2.png","width":1916,"height":1229,"caption":"Veronika"},"logo":{"@id":"https:\/\/aromapflege.tirol\/wp-content\/uploads\/2020\/11\/NemcovaLogo2.png"}}]}},"_links":{"self":[{"href":"https:\/\/aromapflege.tirol\/cs\/wp-json\/wp\/v2\/pages\/1164","targetHints":{"allow":["GET"]}}],"collection":[{"href":"https:\/\/aromapflege.tirol\/cs\/wp-json\/wp\/v2\/pages"}],"about":[{"href":"https:\/\/aromapflege.tirol\/cs\/wp-json\/wp\/v2\/types\/page"}],"author":[{"embeddable":true,"href":"https:\/\/aromapflege.tirol\/cs\/wp-json\/wp\/v2\/users\/1"}],"replies":[{"embeddable":true,"href":"https:\/\/aromapflege.tirol\/cs\/wp-json\/wp\/v2\/comments?post=1164"}],"version-history":[{"count":83,"href":"https:\/\/aromapflege.tirol\/cs\/wp-json\/wp\/v2\/pages\/1164\/revisions"}],"predecessor-version":[{"id":6882,"href":"https:\/\/aromapflege.tirol\/cs\/wp-json\/wp\/v2\/pages\/1164\/revisions\/6882"}],"up":[{"embeddable":true,"href":"https:\/\/aromapflege.tirol\/cs\/wp-json\/wp\/v2\/pages\/15"}],"wp:attachment":[{"href":"https:\/\/aromapflege.tirol\/cs\/wp-json\/wp\/v2\/media?parent=1164"}],"curies":[{"name":"wp","href":"https:\/\/api.w.org\/{rel}","templated":true}]}}